{"id":23891,"date":"2022-07-27T06:31:55","date_gmt":"2022-07-27T06:31:55","guid":{"rendered":"http:\/\/www.gironaexcellent.cat\/?page_id=23891"},"modified":"2022-07-27T06:41:13","modified_gmt":"2022-07-27T06:41:13","slug":"tastadors-2021","status":"publish","type":"page","link":"https:\/\/www.gironaexcellent.cat\/en\/tastadors-2021\/","title":{"rendered":"Tastadors 2020\/21"},"content":{"rendered":"<div class=\"wpb-content-wrapper\"><p>[vc_row css_animation=&#8221;&#8221; row_type=&#8221;row&#8221; use_row_as_full_screen_section=&#8221;no&#8221; type=&#8221;full_width&#8221; angled_section=&#8221;no&#8221; text_align=&#8221;left&#8221; background_image_as_pattern=&#8221;without_pattern&#8221;][vc_column][vc_empty_space height=&#8221;110&#8243;][\/vc_column][\/vc_row][vc_row css_animation=&#8221;&#8221; row_type=&#8221;row&#8221; use_row_as_full_screen_section=&#8221;no&#8221; type=&#8221;full_width&#8221; angled_section=&#8221;no&#8221; text_align=&#8221;left&#8221; background_image_as_pattern=&#8221;without_pattern&#8221;][vc_column width=&#8221;1\/4&#8243;][\/vc_column][vc_column width=&#8221;1\/2&#8243;][vc_column_text]<\/p>\n<h2 style=\"text-align: center;\"><strong>Taste testers,<\/strong> the central figure in the project.<\/h2>\n<p>[\/vc_column_text][vc_empty_space height=&#8221;35&#8243;][\/vc_column][vc_column width=&#8221;1\/4&#8243;][\/vc_column][\/vc_row][vc_row css_animation=&#8221;&#8221; row_type=&#8221;row&#8221; use_row_as_full_screen_section=&#8221;no&#8221; type=&#8221;grid&#8221; angled_section=&#8221;no&#8221; text_align=&#8221;left&#8221; background_image_as_pattern=&#8221;without_pattern&#8221;][vc_column width=&#8221;1\/6&#8243;][\/vc_column][vc_column width=&#8221;4\/6&#8243;][vc_column_text]<\/p>\n<h6 class=\"p1\" style=\"text-align: center;\">Taste-testers are the people in charge of evaluating, through blind tastings, the products chosen to bear the Girona Excel\u00b7lent seal. They use their knowledge and experience to determine the quality and calibre of the products.<\/h6>\n<p>[\/vc_column_text][\/vc_column][vc_column width=&#8221;1\/6&#8243;][\/vc_column][\/vc_row][vc_row css_animation=&#8221;&#8221; row_type=&#8221;row&#8221; use_row_as_full_screen_section=&#8221;no&#8221; type=&#8221;full_width&#8221; angled_section=&#8221;no&#8221; text_align=&#8221;left&#8221; background_image_as_pattern=&#8221;without_pattern&#8221;][vc_column][vc_empty_space height=&#8221;60&#8243;][\/vc_column][\/vc_row][vc_row css_animation=&#8221;&#8221; row_type=&#8221;row&#8221; use_row_as_full_screen_section=&#8221;no&#8221; type=&#8221;grid&#8221; angled_section=&#8221;no&#8221; text_align=&#8221;left&#8221; background_image_as_pattern=&#8221;without_pattern&#8221; padding_top=&#8221;0&#8243; padding_bottom=&#8221;15&#8243; css=&#8221;.vc_custom_1501311203972{padding-top: 15px !important;padding-right: 15px !important;padding-bottom: 15px !important;padding-left: 15px !important;}&#8221;][vc_column width=&#8221;1\/6&#8243;][\/vc_column][vc_column width=&#8221;2\/3&#8243;][vc_column_text el_class=&#8221;text_segell&#8221;]<\/p>\n<p class=\"Cabeceraypie\" style=\"text-indent: 1cm; margin: 7pt 0cm; text-align: center;\"><span style=\"font-size: 12.0pt;\">A total of 41 taste-testers, representing a wide and varied range of professionals from the worlds of agriculture, gastronomy and catering, were invited to take part in the seven tasting sessions of the fourth edition of Girona Excel\u00b7lent, which were held between 2nd and 29th March. <\/span><\/p>\n<p class=\"Cabeceraypie\" style=\"text-indent: 1cm; margin: 7pt 0cm; text-align: center;\"><span style=\"font-size: 12.0pt;\">At each of the tastings sessions, six prestigious specialists related to each field were invited, with representatives from science, engineering, research, gastronomic journalism, teaching, catering, the world of wine, cooking and the gourmet trade.<\/span><\/p>\n<p class=\"Cabeceraypie\" style=\"text-indent: 1cm; margin: 7pt 0cm; text-align: center;\"><span style=\"font-size: 12.0pt;\">The taste-testers were blinded, and various gastronomic parameters were assessed, in other words, the organoleptic qualities of the products: their appearance, aroma, flavour and harmony. For unique products, numerical scores were given and deliberations held.<\/span><\/p>\n<p class=\"Cabeceraypie\" style=\"text-indent: 1cm; margin: 7pt 0cm; text-align: center;\"><span style=\"font-size: 12.0pt;\">At all the tables, next to the tasters, were two apples from Girona, a Granny Smith and a <em>Royal Gala<\/em>. These two apples, along with both the golden and red delicious, are the varieties protected by the PGI Poma de Girona. <\/span><\/p>\n<p class=\"Cabeceraypie\" style=\"text-indent: 1cm; margin: 7pt 0cm; text-align: center;\"><span style=\"font-size: 12.0pt;\">Why the <em>Granny Smith<\/em> and the <em>Royal Gala<\/em>? <\/span><\/p>\n<p class=\"Cabeceraypie\" style=\"text-indent: 1cm; margin: 7pt 0cm; text-align: center;\"><span style=\"font-size: 12.0pt;\">Because, more than any other neutral product, apples are ideal for long tasting sessions, as they cleanse, refresh and regenerate the palate without leaving aromatic residues behind. They combine the powers of water and bread. Perhaps the most restorative would be the <em>Granny Smith<\/em>, a crisp, tart and watery apple. The <em>Royal Gala<\/em>, with its whitish, firm and crunchy flesh, is juicy, more aromatic and sweeter.<\/span><\/p>\n<p>[\/vc_column_text][\/vc_column][vc_column width=&#8221;1\/6&#8243;][\/vc_column][\/vc_row][vc_row css_animation=&#8221;&#8221; row_type=&#8221;row&#8221; use_row_as_full_screen_section=&#8221;no&#8221; type=&#8221;full_width&#8221; angled_section=&#8221;no&#8221; text_align=&#8221;left&#8221; background_image_as_pattern=&#8221;without_pattern&#8221;][vc_column][vc_column_text]<br \/>\n[\/vc_column_text][\/vc_column][\/vc_row][vc_row css_animation=&#8221;&#8221; row_type=&#8221;row&#8221; use_row_as_full_screen_section=&#8221;no&#8221; type=&#8221;grid&#8221; angled_section=&#8221;no&#8221; text_align=&#8221;left&#8221; background_image_as_pattern=&#8221;without_pattern&#8221;][vc_column][vc_empty_space height=&#8221;150&#8243;][vc_row_inner row_type=&#8221;row&#8221; type=&#8221;full_width&#8221; text_align=&#8221;left&#8221; css_animation=&#8221;&#8221;][vc_column_inner width=&#8221;2\/6&#8243;][vc_column_text]<\/p>\n<h4 style=\"font-size: 21px; font-wigth: bold;\"><strong>The water<\/strong> tasting jury.<\/h4>\n<p>[\/vc_column_text][vc_separator type=&#8221;small&#8221; position=&#8221;left&#8221; color=&#8221;#000000&#8243; thickness=&#8221;2&#8243; up=&#8221;10&#8243; down=&#8221;30&#8243;][vc_empty_space][\/vc_column_inner][vc_column_inner width=&#8221;1\/6&#8243;][vc_single_image image=&#8221;23905&#8243; img_size=&#8221;full&#8221; qode_css_animation=&#8221;&#8221;][vc_empty_space][vc_column_text]<\/p>\n<h6 class=\"p1\"><strong>Enric Pardo<\/strong><\/h6>\n<p>Master brewer of the Can Navarra cooperative and president of the Associaci\u00f3 El Tirador[\/vc_column_text][vc_empty_space height=&#8221;40&#8243;][\/vc_column_inner][vc_column_inner width=&#8221;1\/6&#8243;][vc_single_image image=&#8221;23912&#8243; img_size=&#8221;full&#8221; qode_css_animation=&#8221;&#8221;][vc_empty_space][vc_column_text]<\/p>\n<h6 class=\"p1\"><strong>Isaac Batllori Pag\u00e8s<\/strong><\/h6>\n<p>Specialist and owner of El Birrot[\/vc_column_text][vc_empty_space height=&#8221;40&#8243;][\/vc_column_inner][vc_column_inner width=&#8221;1\/6&#8243;][vc_single_image image=&#8221;23916&#8243; img_size=&#8221;full&#8221; qode_css_animation=&#8221;&#8221;][vc_empty_space][vc_column_text]<\/p>\n<h6 class=\"p1\"><strong>Judit C\u00e0rtex Brewer<\/strong><\/h6>\n<p>Commercial director of Cervesa Montseny and vice-president of GECAN[\/vc_column_text][vc_empty_space height=&#8221;40&#8243;][\/vc_column_inner][vc_column_inner width=&#8221;1\/6&#8243;][vc_single_image image=&#8221;23920&#8243; img_size=&#8221;full&#8221; qode_css_animation=&#8221;&#8221;][vc_empty_space][vc_column_text]<\/p>\n<h6 class=\"p1\"><strong>Mariona Vilanova<\/strong><\/h6>\n<p>Professional barista, owner of Nykteri&#8217;s Cocktail Bar and Escola Eshob trainer[\/vc_column_text][vc_empty_space height=&#8221;40&#8243;][\/vc_column_inner][\/vc_row_inner][vc_row_inner row_type=&#8221;row&#8221; type=&#8221;full_width&#8221; text_align=&#8221;left&#8221; css_animation=&#8221;&#8221;][vc_column_inner width=&#8221;2\/6&#8243;][\/vc_column_inner][vc_column_inner width=&#8221;1\/6&#8243;][vc_single_image image=&#8221;23924&#8243; img_size=&#8221;full&#8221; qode_css_animation=&#8221;&#8221;][vc_empty_space][vc_column_text]<\/p>\n<h6 class=\"p1\"><strong>Bernat Guix\u00e9<\/strong><\/h6>\n<p>Doctor in chemistry, from Esperit Roca from El Celler de Can Roca[\/vc_column_text][vc_empty_space height=&#8221;40&#8243;][\/vc_column_inner][vc_column_inner width=&#8221;1\/6&#8243;][vc_single_image image=&#8221;23928&#8243; img_size=&#8221;full&#8221; qode_css_animation=&#8221;&#8221;][vc_empty_space][vc_column_text]<\/p>\n<h6 class=\"p1\"><strong>Clara Ant\u00fanez<\/strong><\/h6>\n<p>Nutritionist and sommelier at La Gastron\u00f2mica[\/vc_column_text][vc_empty_space height=&#8221;40&#8243;][\/vc_column_inner][\/vc_row_inner][vc_empty_space height=&#8221;35&#8243;][\/vc_column][\/vc_row][vc_row css_animation=&#8221;&#8221; row_type=&#8221;row&#8221; use_row_as_full_screen_section=&#8221;no&#8221; type=&#8221;grid&#8221; angled_section=&#8221;no&#8221; text_align=&#8221;left&#8221; background_image_as_pattern=&#8221;without_pattern&#8221;][vc_column][vc_empty_space height=&#8221;75&#8243;][vc_row_inner row_type=&#8221;row&#8221; type=&#8221;full_width&#8221; text_align=&#8221;left&#8221; css_animation=&#8221;&#8221;][vc_column_inner width=&#8221;2\/6&#8243;][vc_column_text]<\/p>\n<h4 style=\"font-size: 21px; font-wigth: bold;\"><strong>The rice<\/strong> tasting jury.<\/h4>\n<p>[\/vc_column_text][vc_separator type=&#8221;small&#8221; position=&#8221;left&#8221; color=&#8221;#000000&#8243; thickness=&#8221;2&#8243; up=&#8221;10&#8243; down=&#8221;30&#8243;][vc_empty_space][\/vc_column_inner][vc_column_inner width=&#8221;1\/6&#8243;][vc_single_image image=&#8221;23937&#8243; img_size=&#8221;full&#8221; qode_css_animation=&#8221;&#8221;][vc_empty_space][vc_column_text]<\/p>\n<h6 class=\"p1\"><strong>Joan Carles S\u00e0nchez<\/strong><\/h6>\n<p>Chef owner of Es Portal de Mar, Pals[\/vc_column_text][vc_empty_space height=&#8221;40&#8243;][\/vc_column_inner][vc_column_inner width=&#8221;1\/6&#8243;][vc_single_image image=&#8221;23941&#8243; img_size=&#8221;full&#8221; qode_css_animation=&#8221;&#8221;][vc_empty_space][vc_column_text]<\/p>\n<h6 class=\"p1\"><strong>Llu\u00eds Guerrero<\/strong><\/h6>\n<p>IRTA technician[\/vc_column_text][vc_empty_space height=&#8221;40&#8243;][\/vc_column_inner][vc_column_inner width=&#8221;1\/6&#8243;][vc_single_image image=&#8221;23945&#8243; img_size=&#8221;full&#8221; qode_css_animation=&#8221;&#8221;][vc_empty_space][vc_column_text]<\/p>\n<h6 class=\"p1\"><strong>Dani Mart\u00ednez Felguera<\/strong><\/h6>\n<p>Ars Natura from El Celler de Can Roca[\/vc_column_text][vc_empty_space height=&#8221;40&#8243;][\/vc_column_inner][vc_column_inner width=&#8221;1\/6&#8243;][vc_single_image image=&#8221;23949&#8243; img_size=&#8221;full&#8221; qode_css_animation=&#8221;&#8221;][vc_empty_space][vc_column_text]<\/p>\n<h6 class=\"p1\"><strong>Anna Claret<\/strong><\/h6>\n<p>Doctor in food technology, expert in sensory analysis at IRTA and vice-president of the Asociaci\u00f3n Espa\u00f1ola de Profesionales del An\u00e1lisis Sensorial (Spanish Association of Sensory Analysis Professionals; AEPAS)[\/vc_column_text][vc_empty_space height=&#8221;40&#8243;][\/vc_column_inner][\/vc_row_inner][vc_row_inner row_type=&#8221;row&#8221; type=&#8221;full_width&#8221; text_align=&#8221;left&#8221; css_animation=&#8221;&#8221;][vc_column_inner width=&#8221;2\/6&#8243;][\/vc_column_inner][vc_column_inner width=&#8221;1\/6&#8243;][vc_single_image image=&#8221;23953&#8243; img_size=&#8221;full&#8221; qode_css_animation=&#8221;&#8221;][vc_empty_space][vc_column_text]<\/p>\n<h6 class=\"p1\"><strong>Yun Ju Choi<\/strong><\/h6>\n<p>Head of R&amp;D at El Celler de Can Roca[\/vc_column_text][vc_empty_space height=&#8221;40&#8243;][\/vc_column_inner][vc_column_inner width=&#8221;1\/6&#8243;][vc_single_image image=&#8221;23957&#8243; img_size=&#8221;full&#8221; qode_css_animation=&#8221;&#8221;][vc_empty_space][vc_column_text]<\/p>\n<h6 class=\"p1\"><strong>Martina Puigvert Puigdevall<\/strong><\/h6>\n<p>Head chef at Les Cols[\/vc_column_text][vc_empty_space height=&#8221;40&#8243;][\/vc_column_inner][\/vc_row_inner][vc_empty_space height=&#8221;35&#8243;][\/vc_column][\/vc_row][vc_row css_animation=&#8221;&#8221; row_type=&#8221;row&#8221; use_row_as_full_screen_section=&#8221;no&#8221; type=&#8221;grid&#8221; angled_section=&#8221;no&#8221; text_align=&#8221;left&#8221; background_image_as_pattern=&#8221;without_pattern&#8221;][vc_column][vc_empty_space height=&#8221;75&#8243;][vc_row_inner row_type=&#8221;row&#8221; type=&#8221;full_width&#8221; text_align=&#8221;left&#8221; css_animation=&#8221;&#8221;][vc_column_inner width=&#8221;2\/6&#8243;][vc_empty_space][vc_column_text]<\/p>\n<h4 style=\"font-size: 21px; font-wigth: bold;\"><strong>The local drinks<\/strong> tasting jury.<\/h4>\n<p>[\/vc_column_text][vc_separator type=&#8221;small&#8221; position=&#8221;left&#8221; color=&#8221;#000000&#8243; thickness=&#8221;2&#8243; up=&#8221;10&#8243; down=&#8221;30&#8243;][vc_empty_space][\/vc_column_inner][vc_column_inner width=&#8221;1\/6&#8243;][vc_single_image image=&#8221;23905&#8243; img_size=&#8221;full&#8221; qode_css_animation=&#8221;&#8221;][vc_empty_space][vc_column_text]<\/p>\n<h6 class=\"p1\"><strong>Enric Pardo<\/strong><\/h6>\n<p>Master brewer of the Can Navarra cooperative and president of the Associaci\u00f3 El Tirador[\/vc_column_text][vc_empty_space height=&#8221;40px&#8221;][\/vc_column_inner][vc_column_inner width=&#8221;1\/6&#8243;][vc_single_image image=&#8221;23912&#8243; img_size=&#8221;full&#8221; qode_css_animation=&#8221;&#8221;][vc_empty_space][vc_column_text]<\/p>\n<h6 class=\"p1\"><strong>Isaac Batllori Pag\u00e8s<\/strong><\/h6>\n<p>Specialist and owner of El Birrot[\/vc_column_text][vc_empty_space height=&#8221;40px&#8221;][\/vc_column_inner][vc_column_inner width=&#8221;1\/6&#8243;][vc_single_image image=&#8221;23916&#8243; img_size=&#8221;full&#8221; qode_css_animation=&#8221;&#8221;][vc_empty_space][vc_column_text]<\/p>\n<h6 class=\"p1\"><strong>Judit C\u00e0rtex Brewer<\/strong><\/h6>\n<p>Commercial director of Cervesa Montseny and vice-president of GECAN[\/vc_column_text][vc_empty_space height=&#8221;40px&#8221;][\/vc_column_inner][vc_column_inner width=&#8221;1\/6&#8243;][vc_single_image image=&#8221;23920&#8243; img_size=&#8221;full&#8221; qode_css_animation=&#8221;&#8221;][vc_empty_space][vc_column_text]<\/p>\n<h6 class=\"p1\"><strong>Mariona Vilanova<\/strong><\/h6>\n<p>Professional barista, owner of Nykteri&#8217;s Cocktail Bar and Escola Eshob trainer[\/vc_column_text][vc_empty_space height=&#8221;40px&#8221;][\/vc_column_inner][\/vc_row_inner][vc_row_inner row_type=&#8221;row&#8221; type=&#8221;full_width&#8221; text_align=&#8221;left&#8221; css_animation=&#8221;&#8221;][vc_column_inner width=&#8221;2\/6&#8243;][\/vc_column_inner][vc_column_inner width=&#8221;1\/6&#8243;][vc_single_image image=&#8221;23924&#8243; img_size=&#8221;full&#8221; qode_css_animation=&#8221;&#8221;][vc_empty_space][vc_column_text]<\/p>\n<h6 class=\"p1\"><strong>Bernat Guix\u00e9<\/strong><\/h6>\n<p>Doctor in chemistry, from Esperit Roca from El Celler de Can Roca[\/vc_column_text][vc_empty_space height=&#8221;40px&#8221;][\/vc_column_inner][vc_column_inner width=&#8221;1\/6&#8243;][vc_single_image image=&#8221;23928&#8243; img_size=&#8221;full&#8221; qode_css_animation=&#8221;&#8221;][vc_empty_space][vc_column_text]<\/p>\n<h6 class=\"p1\"><strong>Clara Ant\u00fanez<\/strong><\/h6>\n<p>Nutritionist and sommelier at La Gastron\u00f2mica[\/vc_column_text][vc_empty_space height=&#8221;40px&#8221;][\/vc_column_inner][\/vc_row_inner][vc_empty_space height=&#8221;35&#8243;][\/vc_column][\/vc_row][vc_row css_animation=&#8221;&#8221; row_type=&#8221;row&#8221; use_row_as_full_screen_section=&#8221;no&#8221; type=&#8221;grid&#8221; angled_section=&#8221;no&#8221; text_align=&#8221;left&#8221; background_image_as_pattern=&#8221;without_pattern&#8221;][vc_column][vc_empty_space height=&#8221;75&#8243;][vc_row_inner row_type=&#8221;row&#8221; type=&#8221;full_width&#8221; text_align=&#8221;left&#8221; css_animation=&#8221;&#8221;][vc_column_inner width=&#8221;2\/6&#8243;][vc_column_text]<\/p>\n<h4 style=\"font-size: 21px; font-wigth: bold;\"><strong>The coffee and infusions<\/strong> tasting jury.<\/h4>\n<p>[\/vc_column_text][vc_separator type=&#8221;small&#8221; position=&#8221;left&#8221; color=&#8221;#000000&#8243; thickness=&#8221;2&#8243; up=&#8221;10&#8243; down=&#8221;30&#8243;][vc_empty_space][\/vc_column_inner][vc_column_inner width=&#8221;1\/6&#8243;][vc_single_image image=&#8221;23969&#8243; img_size=&#8221;full&#8221; qode_css_animation=&#8221;&#8221;][vc_empty_space][vc_column_text]<\/p>\n<h6 class=\"p1\"><strong>Astrid Van Ginkel<\/strong><\/h6>\n<p>Graduate in pharmacy, with a master&#8217;s in biology, and consultant at Fitomon[\/vc_column_text][vc_empty_space height=&#8221;40&#8243;][\/vc_column_inner][vc_column_inner width=&#8221;1\/6&#8243;][vc_single_image image=&#8221;23928&#8243; img_size=&#8221;full&#8221; qode_css_animation=&#8221;&#8221;][vc_empty_space][vc_column_text]<\/p>\n<h6 class=\"p1\"><strong>Clara Ant\u00fanez<\/strong><\/h6>\n<p>Nutritionist and sommelier at La Gastron\u00f2mica[\/vc_column_text][vc_empty_space height=&#8221;40&#8243;][\/vc_column_inner][vc_column_inner width=&#8221;1\/6&#8243;][vc_single_image image=&#8221;23973&#8243; img_size=&#8221;full&#8221; qode_css_animation=&#8221;&#8221;][vc_empty_space][vc_column_text]<\/p>\n<h6 class=\"p1\"><strong>Nabila El Gamouchi<\/strong><\/h6>\n<p>Barista owner of Nabila Caf\u00e8, Olot[\/vc_column_text][vc_empty_space height=&#8221;40&#8243;][\/vc_column_inner][vc_column_inner width=&#8221;1\/6&#8243;][vc_single_image image=&#8221;23977&#8243; img_size=&#8221;full&#8221; qode_css_animation=&#8221;&#8221;][vc_empty_space][vc_column_text]<\/p>\n<h6 class=\"p1\"><strong>Marianna Su\u00e1rez d\u2019Alessandro<\/strong><\/h6>\n<p>Waitress, barista and maitre d&#8217; at El Celler de Can Roca since 2016[\/vc_column_text][vc_empty_space height=&#8221;40&#8243;][\/vc_column_inner][\/vc_row_inner][vc_row_inner row_type=&#8221;row&#8221; type=&#8221;full_width&#8221; text_align=&#8221;left&#8221; css_animation=&#8221;&#8221;][vc_column_inner width=&#8221;2\/6&#8243;][\/vc_column_inner][vc_column_inner width=&#8221;1\/6&#8243;][vc_single_image image=&#8221;23981&#8243; img_size=&#8221;full&#8221; qode_css_animation=&#8221;&#8221;][vc_empty_space][vc_column_text]<\/p>\n<h6 class=\"p1\"><strong>Quimet Cufr\u00e9<\/strong><\/h6>\n<p>Waiter and barista at El Celler de Can Roca and maitre d&#8217; at the Normal restaurant[\/vc_column_text][vc_empty_space height=&#8221;40&#8243;][\/vc_column_inner][vc_column_inner width=&#8221;1\/6&#8243;][vc_single_image image=&#8221;23985&#8243; img_size=&#8221;full&#8221; qode_css_animation=&#8221;&#8221;][vc_empty_space][vc_column_text]<\/p>\n<h6 class=\"p1\"><strong>Iolanda Bustos<\/strong><\/h6>\n<p>Expert chef in botany and biodynamics, creator of oenogastronomic experiences and natural products[\/vc_column_text][vc_empty_space height=&#8221;40&#8243;][\/vc_column_inner][\/vc_row_inner][vc_empty_space height=&#8221;35&#8243;][\/vc_column][\/vc_row][vc_row css_animation=&#8221;&#8221; row_type=&#8221;row&#8221; use_row_as_full_screen_section=&#8221;no&#8221; type=&#8221;grid&#8221; angled_section=&#8221;no&#8221; text_align=&#8221;left&#8221; background_image_as_pattern=&#8221;without_pattern&#8221;][vc_column][vc_empty_space height=&#8221;75&#8243;][vc_row_inner row_type=&#8221;row&#8221; type=&#8221;full_width&#8221; text_align=&#8221;left&#8221; css_animation=&#8221;&#8221;][vc_column_inner width=&#8221;2\/6&#8243;][vc_column_text]<\/p>\n<h4 style=\"font-size: 21px; font-wigth: bold;\"><strong>The preserves<\/strong> tasting jury.<\/h4>\n<p>[\/vc_column_text][vc_separator type=&#8221;small&#8221; position=&#8221;left&#8221; color=&#8221;#000000&#8243; thickness=&#8221;2&#8243; up=&#8221;10&#8243; down=&#8221;30&#8243;][vc_empty_space][\/vc_column_inner][vc_column_inner width=&#8221;1\/6&#8243;][vc_single_image image=&#8221;23991&#8243; img_size=&#8221;full&#8221; qode_css_animation=&#8221;&#8221;][vc_empty_space][vc_column_text]<\/p>\n<h6 class=\"p1\"><strong>Llu\u00eds Fern\u00e1ndez<\/strong><\/h6>\n<p>Chef and owner of the restaurant Els Pescadors, in Llan\u00e7\u00e0[\/vc_column_text][vc_empty_space height=&#8221;40px&#8221;][\/vc_column_inner][vc_column_inner width=&#8221;1\/6&#8243;][vc_single_image image=&#8221;23995&#8243; img_size=&#8221;full&#8221; qode_css_animation=&#8221;&#8221;][vc_empty_space][vc_column_text]<\/p>\n<h6 class=\"p1\"><strong>Merylou Jacas<\/strong><\/h6>\n<p>Chef and owner of the Merylou restaurant in L&#8217;Escala[\/vc_column_text][vc_empty_space height=&#8221;40px&#8221;][\/vc_column_inner][vc_column_inner width=&#8221;1\/6&#8243;][vc_single_image image=&#8221;23999&#8243; img_size=&#8221;full&#8221; qode_css_animation=&#8221;&#8221;][vc_empty_space][vc_column_text]<\/p>\n<h6 class=\"p1\"><strong>Carme Picas<\/strong><\/h6>\n<p>Head chef at El Ginjoler and teacher at EHT Girona[\/vc_column_text][vc_empty_space height=&#8221;40px&#8221;][\/vc_column_inner][vc_column_inner width=&#8221;1\/6&#8243;][vc_single_image image=&#8221;24003&#8243; img_size=&#8221;full&#8221; qode_css_animation=&#8221;&#8221;][vc_empty_space][vc_column_text]<\/p>\n<h6 class=\"p1\"><strong>Pietat Valenzuela<\/strong><\/h6>\n<p>Head chef at Cuina de la Pietat, at Hotel Trav\u00e9, in Figueres, and former manager of the Cap i Pota restaurant[\/vc_column_text][vc_empty_space height=&#8221;40px&#8221;][\/vc_column_inner][\/vc_row_inner][vc_row_inner row_type=&#8221;row&#8221; type=&#8221;full_width&#8221; text_align=&#8221;left&#8221; css_animation=&#8221;&#8221;][vc_column_inner width=&#8221;2\/6&#8243;][\/vc_column_inner][vc_column_inner width=&#8221;1\/6&#8243;][vc_single_image image=&#8221;24007&#8243; img_size=&#8221;full&#8221; qode_css_animation=&#8221;&#8221;][vc_empty_space][vc_column_text]<\/p>\n<h6 class=\"p1\"><strong>Alex Carrera Alonso<\/strong><\/h6>\n<p>Chef and partner in the restaurant L&#8217;Alian\u00e7a d&#8217;Angl\u00e8s[\/vc_column_text][vc_empty_space height=&#8221;40px&#8221;][\/vc_column_inner][vc_column_inner width=&#8221;1\/6&#8243;][vc_single_image image=&#8221;24011&#8243; img_size=&#8221;full&#8221; qode_css_animation=&#8221;&#8221;][vc_empty_space][vc_column_text]<\/p>\n<h6 class=\"p1\"><strong>Marc Gascons<\/strong><\/h6>\n<p>Chef and owner of the Tinars and Bell-lloc restaurants[\/vc_column_text][vc_empty_space height=&#8221;40px&#8221;][\/vc_column_inner][\/vc_row_inner][vc_empty_space height=&#8221;35&#8243;][\/vc_column][\/vc_row][vc_row css_animation=&#8221;&#8221; row_type=&#8221;row&#8221; use_row_as_full_screen_section=&#8221;no&#8221; type=&#8221;grid&#8221; angled_section=&#8221;no&#8221; text_align=&#8221;left&#8221; background_image_as_pattern=&#8221;without_pattern&#8221;][vc_column][vc_empty_space height=&#8221;75&#8243;][vc_row_inner row_type=&#8221;row&#8221; type=&#8221;full_width&#8221; text_align=&#8221;left&#8221; css_animation=&#8221;&#8221;][vc_column_inner width=&#8221;2\/6&#8243;][vc_column_text]<\/p>\n<h4 style=\"font-size: 21px; font-wigth: bold;\"><strong>The cured meats<\/strong> tasting jury.<\/h4>\n<p>[\/vc_column_text][vc_separator type=&#8221;small&#8221; position=&#8221;left&#8221; color=&#8221;#000000&#8243; thickness=&#8221;2&#8243; up=&#8221;10&#8243; down=&#8221;30&#8243;][vc_empty_space][\/vc_column_inner][vc_column_inner width=&#8221;1\/6&#8243;][vc_single_image image=&#8221;24017&#8243; img_size=&#8221;full&#8221; qode_css_animation=&#8221;&#8221;][vc_empty_space][vc_column_text]<\/p>\n<h6 class=\"p1\"><strong>Cinto Arnau<\/strong><\/h6>\n<p>Graduate in chemistry, doctor in veterinary medicine and specialist in meat products[\/vc_column_text][vc_empty_space height=&#8221;40&#8243;][\/vc_column_inner][vc_column_inner width=&#8221;1\/6&#8243;][vc_single_image image=&#8221;24021&#8243; img_size=&#8221;full&#8221; qode_css_animation=&#8221;&#8221;][vc_empty_space][vc_column_text]<\/p>\n<h6 class=\"p1\"><strong>Tana Collados<\/strong><\/h6>\n<p>TV3 journalist specialising in cooking and food[\/vc_column_text][vc_empty_space height=&#8221;40&#8243;][\/vc_column_inner][vc_column_inner width=&#8221;1\/6&#8243;][vc_single_image image=&#8221;24025&#8243; img_size=&#8221;full&#8221; qode_css_animation=&#8221;&#8221;][vc_empty_space][vc_column_text]<\/p>\n<h6 class=\"p1\"><strong>Josep Dolcet<\/strong><\/h6>\n<p>Graduate in veterinary medicine and director of the Escola de la Carn, in Barcelona[\/vc_column_text][vc_empty_space height=&#8221;40&#8243;][\/vc_column_inner][vc_column_inner width=&#8221;1\/6&#8243;][vc_single_image image=&#8221;23949&#8243; img_size=&#8221;full&#8221; qode_css_animation=&#8221;&#8221;][vc_empty_space][vc_column_text]<\/p>\n<h6 class=\"p1\"><strong>Anna Claret<\/strong><\/h6>\n<p>Doctor in food technology, expert in sensory analysis at IRTA and vice-president of the Asociaci\u00f3n Espa\u00f1ola de Profesionales del An\u00e1lisis Sensorial (Spanish Association of Sensory Analysis Professionals; AEPAS)[\/vc_column_text][vc_empty_space height=&#8221;40&#8243;][\/vc_column_inner][\/vc_row_inner][vc_row_inner row_type=&#8221;row&#8221; type=&#8221;full_width&#8221; text_align=&#8221;left&#8221; css_animation=&#8221;&#8221;][vc_column_inner width=&#8221;2\/6&#8243;][\/vc_column_inner][vc_column_inner width=&#8221;1\/6&#8243;][vc_single_image image=&#8221;24029&#8243; img_size=&#8221;full&#8221; qode_css_animation=&#8221;&#8221;][vc_empty_space][vc_column_text]<\/p>\n<h6 class=\"p1\"><strong>Xavi Baig<\/strong><\/h6>\n<p>Owner of the specialist La Noucentista shop in Girona[\/vc_column_text][vc_empty_space height=&#8221;40&#8243;][\/vc_column_inner][vc_column_inner width=&#8221;1\/6&#8243;][vc_single_image image=&#8221;24033&#8243; img_size=&#8221;full&#8221; qode_css_animation=&#8221;&#8221;][vc_empty_space][vc_column_text]<\/p>\n<h6 class=\"p1\"><strong>Yolanda Presseguer<\/strong><\/h6>\n<p>Master artisan charcutier and butcher from La Garriga[\/vc_column_text][vc_empty_space height=&#8221;40&#8243;][\/vc_column_inner][\/vc_row_inner][vc_empty_space height=&#8221;35&#8243;][\/vc_column][\/vc_row][vc_row css_animation=&#8221;&#8221; row_type=&#8221;row&#8221; use_row_as_full_screen_section=&#8221;no&#8221; type=&#8221;grid&#8221; angled_section=&#8221;no&#8221; text_align=&#8221;left&#8221; background_image_as_pattern=&#8221;without_pattern&#8221;][vc_column][vc_empty_space height=&#8221;75&#8243;][vc_row_inner row_type=&#8221;row&#8221; type=&#8221;full_width&#8221; text_align=&#8221;left&#8221; css_animation=&#8221;&#8221;][vc_column_inner width=&#8221;2\/6&#8243;][vc_column_text]<\/p>\n<h4 style=\"font-size: 21px; font-wigth: bold;\"><strong>The dried fruits and nuts<\/strong> tasting jury.<\/h4>\n<p>[\/vc_column_text][vc_separator type=&#8221;small&#8221; position=&#8221;left&#8221; color=&#8221;#000000&#8243; thickness=&#8221;2&#8243; up=&#8221;10&#8243; down=&#8221;30&#8243;][vc_empty_space][\/vc_column_inner][vc_column_inner width=&#8221;1\/6&#8243;][vc_single_image image=&#8221;23937&#8243; img_size=&#8221;full&#8221; qode_css_animation=&#8221;&#8221;][vc_empty_space][vc_column_text]<\/p>\n<h6 class=\"p1\"><strong>Joan Carles S\u00e0nchez<\/strong><\/h6>\n<p>Chef owner of Es Portal de Mar, Pals[\/vc_column_text][vc_empty_space height=&#8221;40&#8243;][\/vc_column_inner][vc_column_inner width=&#8221;1\/6&#8243;][vc_single_image image=&#8221;23941&#8243; img_size=&#8221;full&#8221; qode_css_animation=&#8221;&#8221;][vc_empty_space][vc_column_text]<\/p>\n<h6 class=\"p1\"><strong>Llu\u00eds Guerrero<\/strong><\/h6>\n<p>IRTA technician[\/vc_column_text][vc_empty_space height=&#8221;40&#8243;][\/vc_column_inner][vc_column_inner width=&#8221;1\/6&#8243;][vc_single_image image=&#8221;23945&#8243; img_size=&#8221;full&#8221; qode_css_animation=&#8221;&#8221;][vc_empty_space][vc_column_text]<\/p>\n<h6 class=\"p1\"><strong>Dani Mart\u00ednez Felguera<\/strong><\/h6>\n<p>Ars Natura from El Celler de Can Roca[\/vc_column_text][vc_empty_space height=&#8221;40&#8243;][\/vc_column_inner][vc_column_inner width=&#8221;1\/6&#8243;][vc_single_image image=&#8221;23949&#8243; img_size=&#8221;full&#8221; qode_css_animation=&#8221;&#8221;][vc_empty_space][vc_column_text]<\/p>\n<h6 class=\"p1\"><strong>Anna Claret<\/strong><\/h6>\n<p>Doctor in food technology, expert in sensory analysis at IRTA and vice-president of the Asociaci\u00f3n Espa\u00f1ola de Profesionales del An\u00e1lisis Sensorial (Spanish Association of Sensory Analysis Professionals; AEPAS)[\/vc_column_text][vc_empty_space height=&#8221;40&#8243;][\/vc_column_inner][\/vc_row_inner][vc_row_inner row_type=&#8221;row&#8221; type=&#8221;full_width&#8221; text_align=&#8221;left&#8221; css_animation=&#8221;&#8221;][vc_column_inner width=&#8221;2\/6&#8243;][\/vc_column_inner][vc_column_inner width=&#8221;1\/6&#8243;][vc_single_image image=&#8221;23953&#8243; img_size=&#8221;full&#8221; qode_css_animation=&#8221;&#8221;][vc_empty_space][vc_column_text]<\/p>\n<h6 class=\"p1\"><strong>Yun Ju Choi<\/strong><\/h6>\n<p>Head of R&amp;D at El Celler de Can Roca[\/vc_column_text][vc_empty_space height=&#8221;40&#8243;][\/vc_column_inner][vc_column_inner width=&#8221;1\/6&#8243;][vc_single_image image=&#8221;23957&#8243; img_size=&#8221;full&#8221; qode_css_animation=&#8221;&#8221;][vc_empty_space][vc_column_text]<\/p>\n<h6 class=\"p1\"><strong>Martina Puigvert Puigdevall<\/strong><\/h6>\n<p>Head chef at Les Cols[\/vc_column_text][vc_empty_space height=&#8221;40&#8243;][\/vc_column_inner][\/vc_row_inner][vc_empty_space height=&#8221;35&#8243;][\/vc_column][\/vc_row][vc_row css_animation=&#8221;&#8221; row_type=&#8221;row&#8221; use_row_as_full_screen_section=&#8221;no&#8221; type=&#8221;grid&#8221; angled_section=&#8221;no&#8221; text_align=&#8221;left&#8221; background_image_as_pattern=&#8221;without_pattern&#8221;][vc_column][vc_empty_space height=&#8221;75&#8243;][vc_row_inner row_type=&#8221;row&#8221; type=&#8221;full_width&#8221; text_align=&#8221;left&#8221; css_animation=&#8221;&#8221;][vc_column_inner width=&#8221;2\/6&#8243;][vc_column_text]<\/p>\n<h4 style=\"font-size: 21px; font-wigth: bold;\"><strong>The foie gras<\/strong> tasting jury.<\/h4>\n<p>[\/vc_column_text][vc_separator type=&#8221;small&#8221; position=&#8221;left&#8221; color=&#8221;#000000&#8243; thickness=&#8221;2&#8243; up=&#8221;10&#8243; down=&#8221;30&#8243;][vc_empty_space][\/vc_column_inner][vc_column_inner width=&#8221;1\/6&#8243;][vc_single_image image=&#8221;23937&#8243; img_size=&#8221;full&#8221; qode_css_animation=&#8221;&#8221;][vc_empty_space][vc_column_text]<\/p>\n<h6 class=\"p1\"><strong>Joan Carles S\u00e0nchez<\/strong><\/h6>\n<p>Chef owner of Es Portal de Mar, Pals[\/vc_column_text][vc_empty_space height=&#8221;40&#8243;][\/vc_column_inner][vc_column_inner width=&#8221;1\/6&#8243;][vc_single_image image=&#8221;23941&#8243; img_size=&#8221;full&#8221; qode_css_animation=&#8221;&#8221;][vc_empty_space][vc_column_text]<\/p>\n<h6 class=\"p1\"><strong>Llu\u00eds Guerrero<\/strong><\/h6>\n<p>IRTA technician[\/vc_column_text][vc_empty_space height=&#8221;40&#8243;][\/vc_column_inner][vc_column_inner width=&#8221;1\/6&#8243;][vc_single_image image=&#8221;23945&#8243; img_size=&#8221;full&#8221; qode_css_animation=&#8221;&#8221;][vc_empty_space][vc_column_text]<\/p>\n<h6 class=\"p1\"><strong>Dani Mart\u00ednez Felguera<\/strong><\/h6>\n<p>Ars Natura from El Celler de Can Roca[\/vc_column_text][vc_empty_space height=&#8221;40&#8243;][\/vc_column_inner][vc_column_inner width=&#8221;1\/6&#8243;][vc_single_image image=&#8221;23949&#8243; img_size=&#8221;full&#8221; qode_css_animation=&#8221;&#8221;][vc_empty_space][vc_column_text]<\/p>\n<h6 class=\"p1\"><strong>Anna Claret<\/strong><\/h6>\n<p>Doctor in food technology, expert in sensory analysis at IRTA and vice-president of the Asociaci\u00f3n Espa\u00f1ola de Profesionales del An\u00e1lisis Sensorial (Spanish Association of Sensory Analysis Professionals; AEPAS)[\/vc_column_text][vc_empty_space height=&#8221;40&#8243;][\/vc_column_inner][\/vc_row_inner][vc_row_inner row_type=&#8221;row&#8221; type=&#8221;full_width&#8221; text_align=&#8221;left&#8221; css_animation=&#8221;&#8221;][vc_column_inner width=&#8221;2\/6&#8243;][\/vc_column_inner][vc_column_inner width=&#8221;1\/6&#8243;][vc_single_image image=&#8221;23953&#8243; img_size=&#8221;full&#8221; qode_css_animation=&#8221;&#8221;][vc_empty_space][vc_column_text]<\/p>\n<h6 class=\"p1\"><strong>Yun Ju Choi<\/strong><\/h6>\n<p>Head of R&amp;D at El Celler de Can Roca[\/vc_column_text][vc_empty_space height=&#8221;40&#8243;][\/vc_column_inner][vc_column_inner width=&#8221;1\/6&#8243;][vc_single_image image=&#8221;23957&#8243; img_size=&#8221;full&#8221; qode_css_animation=&#8221;&#8221;][vc_empty_space][vc_column_text]<\/p>\n<h6 class=\"p1\"><strong>Martina Puigvert Puigdevall<\/strong><\/h6>\n<p>Head chef at Les Cols[\/vc_column_text][vc_empty_space height=&#8221;40&#8243;][\/vc_column_inner][\/vc_row_inner][vc_empty_space height=&#8221;35&#8243;][\/vc_column][\/vc_row][vc_row css_animation=&#8221;&#8221; row_type=&#8221;row&#8221; use_row_as_full_screen_section=&#8221;no&#8221; type=&#8221;grid&#8221; angled_section=&#8221;no&#8221; text_align=&#8221;left&#8221; background_image_as_pattern=&#8221;without_pattern&#8221;][vc_column][vc_empty_space height=&#8221;75&#8243;][vc_row_inner row_type=&#8221;row&#8221; type=&#8221;full_width&#8221; text_align=&#8221;left&#8221; css_animation=&#8221;&#8221;][vc_column_inner width=&#8221;2\/6&#8243;][vc_column_text]<\/p>\n<h4 style=\"font-size: 21px; font-wigth: bold;\"><strong>The dairy products<\/strong> tasting jury.<\/h4>\n<p>[\/vc_column_text][vc_separator type=&#8221;small&#8221; position=&#8221;left&#8221; color=&#8221;#000000&#8243; thickness=&#8221;2&#8243; up=&#8221;10&#8243; down=&#8221;30&#8243;][vc_empty_space][\/vc_column_inner][vc_column_inner width=&#8221;1\/6&#8243;][vc_single_image image=&#8221;24128&#8243; img_size=&#8221;full&#8221; qode_css_animation=&#8221;&#8221;][vc_empty_space][vc_column_text]<\/p>\n<h6 class=\"p1\"><strong>Jan Millastre<\/strong><\/h6>\n<p>Organiser of the Fira del Formatge cheese fair in Llad\u00f3[\/vc_column_text][vc_empty_space height=&#8221;40&#8243;][\/vc_column_inner][vc_column_inner width=&#8221;1\/6&#8243;][vc_single_image image=&#8221;24132&#8243; img_size=&#8221;full&#8221; qode_css_animation=&#8221;&#8221;][vc_empty_space][vc_column_text]<\/p>\n<h6 class=\"p1\"><strong>Carme Gasull<\/strong><\/h6>\n<p>Journalist and communicator, specialising in gastronomy, and co-founder of the platform gastronomistas.com[\/vc_column_text][vc_empty_space height=&#8221;40&#8243;][\/vc_column_inner][vc_column_inner width=&#8221;1\/6&#8243;][vc_single_image image=&#8221;24136&#8243; img_size=&#8221;full&#8221; qode_css_animation=&#8221;&#8221;][vc_empty_space][vc_column_text]<\/p>\n<h6 class=\"p1\"><strong>Tati Quera<\/strong><\/h6>\n<p>Owner of the specialist shop El Petit Parad\u00eds, sommelier for the Escola d\u2019Hostaleria de Girona and the UdG, and cheese expert for IRTA[\/vc_column_text][vc_empty_space height=&#8221;40&#8243;][\/vc_column_inner][vc_column_inner width=&#8221;1\/6&#8243;][vc_single_image image=&#8221;24140&#8243; img_size=&#8221;full&#8221; qode_css_animation=&#8221;&#8221;][vc_empty_space][vc_column_text]<\/p>\n<h6 class=\"p1\"><strong>Marta Garr\u00f3n<\/strong><\/h6>\n<p>Innovation technician specialising in dairy and cheese at IRTA[\/vc_column_text][vc_empty_space height=&#8221;40&#8243;][\/vc_column_inner][\/vc_row_inner][vc_row_inner row_type=&#8221;row&#8221; type=&#8221;full_width&#8221; text_align=&#8221;left&#8221; css_animation=&#8221;&#8221;][vc_column_inner width=&#8221;2\/6&#8243;][\/vc_column_inner][vc_column_inner width=&#8221;1\/6&#8243;][vc_single_image image=&#8221;24144&#8243; img_size=&#8221;full&#8221; qode_css_animation=&#8221;&#8221;][vc_empty_space][vc_column_text]<\/p>\n<h6 class=\"p1\"><strong>Eva Vila Betriu<\/strong><\/h6>\n<p>Specialist and cheese refiner at Vila Viniteca[\/vc_column_text][vc_empty_space height=&#8221;40&#8243;][\/vc_column_inner][vc_column_inner width=&#8221;1\/6&#8243;][vc_single_image image=&#8221;24148&#8243; img_size=&#8221;full&#8221; qode_css_animation=&#8221;&#8221;][vc_empty_space][vc_column_text]<\/p>\n<h6 class=\"p1\"><strong>Joan Morillo<\/strong><\/h6>\n<p>Owner and maitre d&#8217; at the Divinum restaurant[\/vc_column_text][vc_empty_space height=&#8221;40&#8243;][\/vc_column_inner][\/vc_row_inner][vc_empty_space height=&#8221;35&#8243;][\/vc_column][\/vc_row][vc_row css_animation=&#8221;&#8221; row_type=&#8221;row&#8221; use_row_as_full_screen_section=&#8221;no&#8221; type=&#8221;grid&#8221; angled_section=&#8221;no&#8221; text_align=&#8221;left&#8221; background_image_as_pattern=&#8221;without_pattern&#8221;][vc_column][vc_empty_space height=&#8221;75&#8243;][vc_row_inner row_type=&#8221;row&#8221; type=&#8221;full_width&#8221; text_align=&#8221;left&#8221; css_animation=&#8221;&#8221;][vc_column_inner width=&#8221;2\/6&#8243;][vc_column_text]<\/p>\n<h4 style=\"font-size: 21px; font-wigth: bold;\"><strong>The olive oil<\/strong> tasting jury.<\/h4>\n<p>[\/vc_column_text][vc_separator type=&#8221;small&#8221; position=&#8221;left&#8221; color=&#8221;#000000&#8243; thickness=&#8221;2&#8243; up=&#8221;10&#8243; down=&#8221;30&#8243;][vc_empty_space][\/vc_column_inner][vc_column_inner width=&#8221;1\/6&#8243;][vc_single_image image=&#8221;23937&#8243; img_size=&#8221;full&#8221; qode_css_animation=&#8221;&#8221;][vc_empty_space][vc_column_text]<\/p>\n<h6 class=\"p1\"><strong>Joan Carles S\u00e0nchez<\/strong><\/h6>\n<p>Chef owner of Es Portal de Mar, Pals[\/vc_column_text][vc_empty_space height=&#8221;40&#8243;][\/vc_column_inner][vc_column_inner width=&#8221;1\/6&#8243;][vc_single_image image=&#8221;23941&#8243; img_size=&#8221;full&#8221; qode_css_animation=&#8221;&#8221;][vc_empty_space][vc_column_text]<\/p>\n<h6 class=\"p1\"><strong>Llu\u00eds Guerrero<\/strong><\/h6>\n<p>IRTA technician[\/vc_column_text][vc_empty_space height=&#8221;40&#8243;][\/vc_column_inner][vc_column_inner width=&#8221;1\/6&#8243;][vc_single_image image=&#8221;23945&#8243; img_size=&#8221;full&#8221; qode_css_animation=&#8221;&#8221;][vc_empty_space][vc_column_text]<\/p>\n<h6 class=\"p1\"><strong>Dani Mart\u00ednez Felguera<\/strong><\/h6>\n<p>Ars Natura from El Celler de Can Roca[\/vc_column_text][vc_empty_space height=&#8221;40&#8243;][\/vc_column_inner][vc_column_inner width=&#8221;1\/6&#8243;][vc_single_image image=&#8221;23949&#8243; img_size=&#8221;full&#8221; qode_css_animation=&#8221;&#8221;][vc_empty_space][vc_column_text]<\/p>\n<h6 class=\"p1\"><strong>Anna Claret<\/strong><\/h6>\n<p>Doctor in food technology, expert in sensory analysis at IRTA and vice-president of the Asociaci\u00f3n Espa\u00f1ola de Profesionales del An\u00e1lisis Sensorial (Spanish Association of Sensory Analysis Professionals; AEPAS)[\/vc_column_text][vc_empty_space height=&#8221;40&#8243;][\/vc_column_inner][\/vc_row_inner][vc_row_inner row_type=&#8221;row&#8221; type=&#8221;full_width&#8221; text_align=&#8221;left&#8221; css_animation=&#8221;&#8221;][vc_column_inner width=&#8221;2\/6&#8243;][\/vc_column_inner][vc_column_inner width=&#8221;1\/6&#8243;][vc_single_image image=&#8221;23953&#8243; img_size=&#8221;full&#8221; qode_css_animation=&#8221;&#8221;][vc_empty_space][vc_column_text]<\/p>\n<h6 class=\"p1\"><strong>Yun Ju Choi<\/strong><\/h6>\n<p>Head of R&amp;D at El Celler de Can Roca[\/vc_column_text][vc_empty_space height=&#8221;40&#8243;][\/vc_column_inner][vc_column_inner width=&#8221;1\/6&#8243;][vc_single_image image=&#8221;23957&#8243; img_size=&#8221;full&#8221; qode_css_animation=&#8221;&#8221;][vc_empty_space][vc_column_text]<\/p>\n<h6 class=\"p1\"><strong>Martina Puigvert Puigdevall<\/strong><\/h6>\n<p>Head chef at Les Cols[\/vc_column_text][vc_empty_space height=&#8221;40&#8243;][\/vc_column_inner][\/vc_row_inner][vc_empty_space height=&#8221;35&#8243;][\/vc_column][\/vc_row][vc_row css_animation=&#8221;&#8221; row_type=&#8221;row&#8221; use_row_as_full_screen_section=&#8221;no&#8221; type=&#8221;grid&#8221; angled_section=&#8221;no&#8221; text_align=&#8221;left&#8221; background_image_as_pattern=&#8221;without_pattern&#8221;][vc_column][vc_empty_space height=&#8221;75&#8243;][vc_row_inner row_type=&#8221;row&#8221; type=&#8221;full_width&#8221; text_align=&#8221;left&#8221; css_animation=&#8221;&#8221;][vc_column_inner width=&#8221;2\/6&#8243;][vc_column_text]<\/p>\n<h4 style=\"font-size: 21px; font-wigth: bold;\"><strong>The honey<\/strong> tasting jury.<\/h4>\n<p>[\/vc_column_text][vc_separator type=&#8221;small&#8221; position=&#8221;left&#8221; color=&#8221;#000000&#8243; thickness=&#8221;2&#8243; up=&#8221;10&#8243; down=&#8221;30&#8243;][vc_empty_space][\/vc_column_inner][vc_column_inner width=&#8221;1\/6&#8243;][vc_single_image image=&#8221;23969&#8243; img_size=&#8221;full&#8221; qode_css_animation=&#8221;&#8221;][vc_empty_space][vc_column_text]<\/p>\n<h6 class=\"p1\"><strong>Astrid Van Ginkel<\/strong><\/h6>\n<p>Graduate in pharmacy, with a master&#8217;s in biology, and consultant at Fitomon[\/vc_column_text][vc_empty_space height=&#8221;40&#8243;][\/vc_column_inner][vc_column_inner width=&#8221;1\/6&#8243;][vc_single_image image=&#8221;23928&#8243; img_size=&#8221;full&#8221; qode_css_animation=&#8221;&#8221;][vc_empty_space][vc_column_text]<\/p>\n<h6 class=\"p1\"><strong>Clara Ant\u00fanez<\/strong><\/h6>\n<p>Nutritionist and sommelier at La Gastron\u00f2mica[\/vc_column_text][vc_empty_space height=&#8221;40&#8243;][\/vc_column_inner][vc_column_inner width=&#8221;1\/6&#8243;][vc_single_image image=&#8221;23973&#8243; img_size=&#8221;full&#8221; qode_css_animation=&#8221;&#8221;][vc_empty_space][vc_column_text]<\/p>\n<h6 class=\"p1\"><strong>Nabila El Gamouchi<\/strong><\/h6>\n<p>Barista owner of Nabila Caf\u00e8, Olot[\/vc_column_text][vc_empty_space height=&#8221;40&#8243;][\/vc_column_inner][vc_column_inner width=&#8221;1\/6&#8243;][vc_single_image image=&#8221;23977&#8243; img_size=&#8221;full&#8221; qode_css_animation=&#8221;&#8221;][vc_empty_space][vc_column_text]<\/p>\n<h6 class=\"p1\"><strong>Marianna Su\u00e1rez d\u2019Alessandro<\/strong><\/h6>\n<p>Waitress, barista and maitre d&#8217; at El Celler de Can Roca since 2016[\/vc_column_text][vc_empty_space height=&#8221;40&#8243;][\/vc_column_inner][\/vc_row_inner][vc_row_inner row_type=&#8221;row&#8221; type=&#8221;full_width&#8221; text_align=&#8221;left&#8221; css_animation=&#8221;&#8221;][vc_column_inner width=&#8221;2\/6&#8243;][\/vc_column_inner][vc_column_inner width=&#8221;1\/6&#8243;][vc_single_image image=&#8221;23981&#8243; img_size=&#8221;full&#8221; qode_css_animation=&#8221;&#8221;][vc_empty_space][vc_column_text]<\/p>\n<h6 class=\"p1\"><strong>Quimet Cufr\u00e9<\/strong><\/h6>\n<p>Waiter and barista at El Celler de Can Roca and maitre d&#8217; at the Normal restaurant[\/vc_column_text][vc_empty_space height=&#8221;40&#8243;][\/vc_column_inner][vc_column_inner width=&#8221;1\/6&#8243;][vc_single_image image=&#8221;23985&#8243; img_size=&#8221;full&#8221; qode_css_animation=&#8221;&#8221;][vc_empty_space][vc_column_text]<\/p>\n<h6 class=\"p1\"><strong>Iolanda Bustos<\/strong><\/h6>\n<p>Expert chef in botany and biodynamics, creator of oenogastronomic experiences and natural products[\/vc_column_text][vc_empty_space height=&#8221;40&#8243;][\/vc_column_inner][\/vc_row_inner][vc_empty_space height=&#8221;35&#8243;][\/vc_column][\/vc_row][vc_row css_animation=&#8221;&#8221; row_type=&#8221;row&#8221; use_row_as_full_screen_section=&#8221;no&#8221; type=&#8221;grid&#8221; angled_section=&#8221;no&#8221; text_align=&#8221;left&#8221; background_image_as_pattern=&#8221;without_pattern&#8221;][vc_column][vc_empty_space height=&#8221;75&#8243;][vc_row_inner row_type=&#8221;row&#8221; type=&#8221;full_width&#8221; text_align=&#8221;left&#8221; css_animation=&#8221;&#8221;][vc_column_inner width=&#8221;2\/6&#8243;][vc_column_text]<\/p>\n<h4 style=\"font-size: 21px; font-wigth: bold;\"><strong>The fish<\/strong> tasting jury.<\/h4>\n<p>[\/vc_column_text][vc_separator type=&#8221;small&#8221; position=&#8221;left&#8221; color=&#8221;#000000&#8243; thickness=&#8221;2&#8243; up=&#8221;10&#8243; down=&#8221;30&#8243;][vc_empty_space][\/vc_column_inner][vc_column_inner width=&#8221;1\/6&#8243;][vc_single_image image=&#8221;23991&#8243; img_size=&#8221;full&#8221; qode_css_animation=&#8221;&#8221;][vc_empty_space][vc_column_text]<\/p>\n<h6 class=\"p1\"><strong>Llu\u00eds Fern\u00e1ndez<\/strong><\/h6>\n<p>Chef and owner of the restaurant Els Pescadors, in Llan\u00e7\u00e0[\/vc_column_text][vc_empty_space height=&#8221;40px&#8221;][\/vc_column_inner][vc_column_inner width=&#8221;1\/6&#8243;][vc_single_image image=&#8221;23995&#8243; img_size=&#8221;full&#8221; qode_css_animation=&#8221;&#8221;][vc_empty_space][vc_column_text]<\/p>\n<h6 class=\"p1\"><strong>Merylou Jacas<\/strong><\/h6>\n<p>Chef and owner of the Merylou restaurant in L&#8217;Escala[\/vc_column_text][vc_empty_space height=&#8221;40px&#8221;][\/vc_column_inner][vc_column_inner width=&#8221;1\/6&#8243;][vc_single_image image=&#8221;23999&#8243; img_size=&#8221;full&#8221; qode_css_animation=&#8221;&#8221;][vc_empty_space][vc_column_text]<\/p>\n<h6 class=\"p1\"><strong>Carme Picas<\/strong><\/h6>\n<p>Head chef at El Ginjoler and teacher at EHT Girona[\/vc_column_text][vc_empty_space height=&#8221;40px&#8221;][\/vc_column_inner][vc_column_inner width=&#8221;1\/6&#8243;][vc_single_image image=&#8221;24003&#8243; img_size=&#8221;full&#8221; qode_css_animation=&#8221;&#8221;][vc_empty_space][vc_column_text]<\/p>\n<h6 class=\"p1\"><strong>Pietat Valenzuela<\/strong><\/h6>\n<p>Head chef at Cuina de la Pietat, at Hotel Trav\u00e9, in Figueres, and former manager of the Cap i Pota restaurant[\/vc_column_text][vc_empty_space height=&#8221;40px&#8221;][\/vc_column_inner][\/vc_row_inner][vc_row_inner row_type=&#8221;row&#8221; type=&#8221;full_width&#8221; text_align=&#8221;left&#8221; css_animation=&#8221;&#8221;][vc_column_inner width=&#8221;2\/6&#8243;][\/vc_column_inner][vc_column_inner width=&#8221;1\/6&#8243;][vc_single_image image=&#8221;24007&#8243; img_size=&#8221;full&#8221; qode_css_animation=&#8221;&#8221;][vc_empty_space][vc_column_text]<\/p>\n<h6 class=\"p1\"><strong>Alex Carrera Alonso<\/strong><\/h6>\n<p>Chef and partner in the restaurant L&#8217;Alian\u00e7a d&#8217;Angl\u00e8s[\/vc_column_text][vc_empty_space height=&#8221;40px&#8221;][\/vc_column_inner][vc_column_inner width=&#8221;1\/6&#8243;][vc_single_image image=&#8221;24011&#8243; img_size=&#8221;full&#8221; qode_css_animation=&#8221;&#8221;][vc_empty_space][vc_column_text]<\/p>\n<h6 class=\"p1\"><strong>Marc Gascons<\/strong><\/h6>\n<p>Chef and owner of the Tinars and Bell-lloc restaurants[\/vc_column_text][vc_empty_space height=&#8221;40px&#8221;][\/vc_column_inner][\/vc_row_inner][vc_empty_space height=&#8221;35&#8243;][\/vc_column][\/vc_row][vc_row css_animation=&#8221;&#8221; row_type=&#8221;row&#8221; use_row_as_full_screen_section=&#8221;no&#8221; type=&#8221;grid&#8221; angled_section=&#8221;no&#8221; text_align=&#8221;left&#8221; background_image_as_pattern=&#8221;without_pattern&#8221;][vc_column][vc_empty_space height=&#8221;75&#8243;][vc_row_inner row_type=&#8221;row&#8221; type=&#8221;full_width&#8221; text_align=&#8221;left&#8221; css_animation=&#8221;&#8221;][vc_column_inner width=&#8221;2\/6&#8243;][vc_column_text]<\/p>\n<h4 style=\"font-size: 21px; font-wigth: bold;\"><strong>The wines and fortified wines<\/strong> tasting jury.<\/h4>\n<p>[\/vc_column_text][vc_separator type=&#8221;small&#8221; position=&#8221;left&#8221; color=&#8221;#000000&#8243; thickness=&#8221;2&#8243; up=&#8221;10&#8243; down=&#8221;30&#8243;][vc_empty_space][\/vc_column_inner][vc_column_inner width=&#8221;1\/6&#8243;][vc_single_image image=&#8221;24049&#8243; img_size=&#8221;full&#8221; qode_css_animation=&#8221;&#8221;][vc_empty_space][vc_column_text]<\/p>\n<h6 class=\"p1\"><strong>Anna Vicen\u00e7<\/strong><\/h6>\n<p>President of the Associaci\u00f3 Catalana de Sommeliers and chief sommelier for Wine Palace stores[\/vc_column_text][vc_empty_space height=&#8221;40px&#8221;][\/vc_column_inner][vc_column_inner width=&#8221;1\/6&#8243;][vc_single_image image=&#8221;24053&#8243; img_size=&#8221;full&#8221; qode_css_animation=&#8221;&#8221;][vc_empty_space][vc_column_text]<\/p>\n<h6 class=\"p1\"><strong>Pitu Roca<\/strong><\/h6>\n<p>Wine waiter and owner of El Celler de Can Roca, in Girona[\/vc_column_text][vc_empty_space height=&#8221;40px&#8221;][\/vc_column_inner][vc_column_inner width=&#8221;1\/6&#8243;][vc_single_image image=&#8221;24057&#8243; img_size=&#8221;full&#8221; qode_css_animation=&#8221;&#8221;][vc_empty_space][vc_column_text]<\/p>\n<h6 class=\"p1\"><strong>Audrey Dor\u00e9<\/strong><\/h6>\n<p>Sommelier at El Celler de Can Roca, in Girona[\/vc_column_text][vc_empty_space height=&#8221;40px&#8221;][\/vc_column_inner][vc_column_inner width=&#8221;1\/6&#8243;][vc_single_image image=&#8221;24061&#8243; img_size=&#8221;full&#8221; qode_css_animation=&#8221;&#8221;][vc_empty_space][vc_column_text]<\/p>\n<h6 class=\"p1\"><strong>Rafel Sabad\u00ed<\/strong><\/h6>\n<p>Graduate in tourism from the UdG, professional sommelier for ESHOB and owner of the Uain wine bar in L&#8217;Escala[\/vc_column_text][vc_empty_space height=&#8221;40px&#8221;][\/vc_column_inner][\/vc_row_inner][vc_row_inner row_type=&#8221;row&#8221; type=&#8221;full_width&#8221; text_align=&#8221;left&#8221; css_animation=&#8221;&#8221;][vc_column_inner width=&#8221;2\/6&#8243;][\/vc_column_inner][vc_column_inner width=&#8221;1\/6&#8243;][vc_single_image image=&#8221;24065&#8243; img_size=&#8221;full&#8221; qode_css_animation=&#8221;&#8221;][vc_empty_space][vc_column_text]<\/p>\n<h6 class=\"p1\"><strong>Nat\u00e0lia Roig<\/strong><\/h6>\n<p>Sommelier, vice-president of the Associaci\u00f3 Catalana de Sommeliers [\/vc_column_text][vc_empty_space height=&#8221;40px&#8221;][\/vc_column_inner][vc_column_inner width=&#8221;1\/6&#8243;][vc_single_image image=&#8221;23928&#8243; img_size=&#8221;full&#8221; qode_css_animation=&#8221;&#8221;][vc_empty_space][vc_column_text]<\/p>\n<h6 class=\"p1\"><strong>Clara Ant\u00fanez<\/strong><\/h6>\n<p>Nutritionist and sommelier at La Gastron\u00f2mica[\/vc_column_text][vc_empty_space height=&#8221;40px&#8221;][\/vc_column_inner][vc_column_inner width=&#8221;1\/6&#8243;][vc_single_image image=&#8221;24070&#8243; img_size=&#8221;full&#8221; qode_css_animation=&#8221;&#8221;][vc_empty_space][vc_column_text]<\/p>\n<h6 class=\"p1\"><strong>Toni Gerez<\/strong><\/h6>\n<p>Sommelier at Castell Peralada Restaurant, with many years spent in the restaurants El Bulli and Mas Pau[\/vc_column_text][vc_empty_space height=&#8221;40px&#8221;][\/vc_column_inner][vc_column_inner width=&#8221;1\/6&#8243;][vc_single_image image=&#8221;24074&#8243; img_size=&#8221;full&#8221; qode_css_animation=&#8221;&#8221;][vc_empty_space][vc_column_text]<\/p>\n<h6 class=\"p1\"><strong>Cristina Torrent i Cos<\/strong><\/h6>\n<p>Sommelier, co-owner and director of the Bo.TiC restaurant, in Cor\u00e7\u00e0[\/vc_column_text][vc_empty_space height=&#8221;40px&#8221;][\/vc_column_inner][\/vc_row_inner][vc_empty_space height=&#8221;35&#8243;][\/vc_column][\/vc_row][vc_row css_animation=&#8221;&#8221; row_type=&#8221;row&#8221; use_row_as_full_screen_section=&#8221;no&#8221; type=&#8221;full_width&#8221; angled_section=&#8221;no&#8221; text_align=&#8221;left&#8221; background_image_as_pattern=&#8221;without_pattern&#8221;][vc_column]<div class=\"call_to_action simple\" style=\"background-color: #000000;border-top: 1px solid #ffffff;\"><div class=\"container_inner\"><div class=\"text_wrapper column1\"><div class=\"call_to_action_text \" style=\"\">\n<h3><span style=\"color: #ffffff;\">Pictures of the tastings<\/span><\/h3>\n<\/div><a itemprop=\"url\" href=\"https:\/\/www.gironaexcellent.cat\/fotos\/\" class=\"qbutton white medium\" target=\"_self\" style=\"color: #000000;border-color: #ffffff;background-color: #ffffff;\" data-hover-background-color=#000000 data-hover-border-color=#ffffff data-hover-color=#ffffff>SHOW GALLERY<\/a><\/div><\/div><\/div>[\/vc_column][\/vc_row][vc_row row_type=&#8221;parallax&#8221; parallax_content_width=&#8221;in_grid&#8221; text_align=&#8221;center&#8221; background_image=&#8221;16928&#8243; full_screen_section_height=&#8221;no&#8221;][vc_column width=&#8221;1\/6&#8243;][\/vc_column][vc_column width=&#8221;4\/6&#8243;][vc_separator type=&#8221;transparent&#8221; up=&#8221;400&#8243;][\/vc_column][vc_column width=&#8221;1\/6&#8243;][\/vc_column][\/vc_row]<\/p>\n<\/div>","protected":false},"excerpt":{"rendered":"<p>[vc_row css_animation=&#8221;&#8221; row_type=&#8221;row&#8221; use_row_as_full_screen_section=&#8221;no&#8221; type=&#8221;full_width&#8221; angled_section=&#8221;no&#8221; text_align=&#8221;left&#8221; background_image_as_pattern=&#8221;without_pattern&#8221;][vc_column][vc_empty_space height=&#8221;110&#8243;][\/vc_column][\/vc_row][vc_row css_animation=&#8221;&#8221; row_type=&#8221;row&#8221; use_row_as_full_screen_section=&#8221;no&#8221; type=&#8221;full_width&#8221; angled_section=&#8221;no&#8221; text_align=&#8221;left&#8221; background_image_as_pattern=&#8221;without_pattern&#8221;][vc_column width=&#8221;1\/4&#8243;][\/vc_column][vc_column width=&#8221;1\/2&#8243;][vc_column_text] Taste testers, the central figure in the project. [\/vc_column_text][vc_empty_space height=&#8221;35&#8243;][\/vc_column][vc_column width=&#8221;1\/4&#8243;][\/vc_column][\/vc_row][vc_row css_animation=&#8221;&#8221; row_type=&#8221;row&#8221; use_row_as_full_screen_section=&#8221;no&#8221; type=&#8221;grid&#8221; angled_section=&#8221;no&#8221; text_align=&#8221;left&#8221; background_image_as_pattern=&#8221;without_pattern&#8221;][vc_column width=&#8221;1\/6&#8243;][\/vc_column][vc_column width=&#8221;4\/6&#8243;][vc_column_text] Taste-testers are the people in charge of&#8230;<\/p>\n","protected":false},"author":1,"featured_media":0,"parent":0,"menu_order":0,"comment_status":"closed","ping_status":"closed","template":"full_width.php","meta":{"inline_featured_image":false,"footnotes":""},"class_list":["post-23891","page","type-page","status-publish","hentry"],"_links":{"self":[{"href":"https:\/\/www.gironaexcellent.cat\/en\/wp-json\/wp\/v2\/pages\/23891","targetHints":{"allow":["GET"]}}],"collection":[{"href":"https:\/\/www.gironaexcellent.cat\/en\/wp-json\/wp\/v2\/pages"}],"about":[{"href":"https:\/\/www.gironaexcellent.cat\/en\/wp-json\/wp\/v2\/types\/page"}],"author":[{"embeddable":true,"href":"https:\/\/www.gironaexcellent.cat\/en\/wp-json\/wp\/v2\/users\/1"}],"replies":[{"embeddable":true,"href":"https:\/\/www.gironaexcellent.cat\/en\/wp-json\/wp\/v2\/comments?post=23891"}],"version-history":[{"count":6,"href":"https:\/\/www.gironaexcellent.cat\/en\/wp-json\/wp\/v2\/pages\/23891\/revisions"}],"predecessor-version":[{"id":24822,"href":"https:\/\/www.gironaexcellent.cat\/en\/wp-json\/wp\/v2\/pages\/23891\/revisions\/24822"}],"wp:attachment":[{"href":"https:\/\/www.gironaexcellent.cat\/en\/wp-json\/wp\/v2\/media?parent=23891"}],"curies":[{"name":"wp","href":"https:\/\/api.w.org\/{rel}","templated":true}]}}