{"id":25512,"date":"2024-06-10T10:45:35","date_gmt":"2024-06-10T10:45:35","guid":{"rendered":"https:\/\/www.gironaexcellent.cat\/?post_type=portfolio_page&#038;p=25512"},"modified":"2024-06-10T12:03:53","modified_gmt":"2024-06-10T12:03:53","slug":"mel-2324","status":"publish","type":"portfolio_page","link":"https:\/\/www.gironaexcellent.cat\/es\/item\/mel-2324\/","title":{"rendered":"Las mieles"},"content":{"rendered":"<div class=\"wpb-content-wrapper\"><p>[vc_row css_animation=\u00bb\u00bb row_type=\u00bbrow\u00bb use_row_as_full_screen_section=\u00bbno\u00bb type=\u00bbfull_width\u00bb angled_section=\u00bbno\u00bb text_align=\u00bbleft\u00bb background_image_as_pattern=\u00bbwithout_pattern\u00bb][vc_column][vc_empty_space height=\u00bb110&#8243;][\/vc_column][\/vc_row][vc_row css_animation=\u00bb\u00bb row_type=\u00bbrow\u00bb use_row_as_full_screen_section=\u00bbno\u00bb type=\u00bbgrid\u00bb angled_section=\u00bbno\u00bb text_align=\u00bbleft\u00bb background_image_as_pattern=\u00bbwithout_pattern\u00bb][vc_column width=\u00bb1\/4&#8243;][\/vc_column][vc_column width=\u00bb1\/2&#8243;][vc_column_text]<\/p>\n<h2 style=\"text-align: center;\">Las mieles<\/h2>\n<p>[\/vc_column_text][vc_empty_space height=\u00bb60&#8243;][\/vc_column][vc_column width=\u00bb1\/4&#8243;][\/vc_column][\/vc_row][vc_row css_animation=\u00bb\u00bb row_type=\u00bbrow\u00bb use_row_as_full_screen_section=\u00bbno\u00bb type=\u00bbgrid\u00bb angled_section=\u00bbno\u00bb text_align=\u00bbleft\u00bb background_image_as_pattern=\u00bbwithout_pattern\u00bb][vc_column width=\u00bb1\/6&#8243;][\/vc_column][vc_column width=\u00bb4\/6&#8243;][vc_column_text]<\/p>\n<h6 style=\"text-align: center;\">La miel es una poderosa expresi\u00f3n del paisaje. Los aficionados a la bot\u00e1nica, excepto los veganos, suelen ser aficionados a esta sustancia pegajosa, muy dulce y arom\u00e1tica que elaboran las abejas (<em>Apis mellifica<\/em>) a partir del n\u00e9ctar de las flores y que depositan en el panal para que sirva de alimento a las cr\u00edas.<\/h6>\n<p>[\/vc_column_text][\/vc_column][vc_column width=\u00bb1\/6&#8243;][\/vc_column][\/vc_row][vc_row css_animation=\u00bb\u00bb row_type=\u00bbrow\u00bb use_row_as_full_screen_section=\u00bbno\u00bb type=\u00bbfull_width\u00bb angled_section=\u00bbno\u00bb text_align=\u00bbleft\u00bb background_image_as_pattern=\u00bbwithout_pattern\u00bb][vc_column][vc_empty_space height=\u00bb40&#8243;][\/vc_column][\/vc_row][vc_row css_animation=\u00bb\u00bb row_type=\u00bbrow\u00bb use_row_as_full_screen_section=\u00bbno\u00bb type=\u00bbgrid\u00bb angled_section=\u00bbno\u00bb text_align=\u00bbleft\u00bb background_image_as_pattern=\u00bbwithout_pattern\u00bb padding_top=\u00bb0&#8243; padding_bottom=\u00bb15&#8243; css=\u00bb.vc_custom_1501311203972{padding-top: 15px !important;padding-right: 15px !important;padding-bottom: 15px !important;padding-left: 15px !important;}\u00bb][vc_column width=\u00bb1\/6&#8243;][\/vc_column][vc_column width=\u00bb2\/3&#8243;][vc_column_text el_class=\u00bbtext_segell\u00bb]<\/p>\n<p style=\"text-align: center;\">Las comarcas gerundenses son un territorio mielero, con un grupo de apicultores que viajan de aqu\u00ed para all\u00e1 con sus colmenas, para aprovechar todos los florecimientos, desde la orilla del mar hasta la alta monta\u00f1a. Hay mieles claras, mieles oscuras, amarillas, marrones y grises. Las hay de brezo, de madro\u00f1o, de casta\u00f1o, de encina, de romero o de alfalfa. Las mieles de mil flores var\u00edan de un lugar a otro y tienen colores, sabores y aromas diferentes, seg\u00fan cada territorio y cada apicultor, que mover\u00e1 las cajas en el momento adecuado, seg\u00fan su criterio, consciente de que las abejas chupan todo el n\u00e9ctar que pueden, sin discriminar ninguno. Y por eso hay mieles de monta\u00f1a y mieles de tierra baja. Mieles de lugares secos y mieles de zonas con una pluviometr\u00eda generosa. Hay mieles de jard\u00edn bot\u00e1nico, mieles urbanas o mieles de una plantaci\u00f3n.<\/p>\n<p>&nbsp;<\/p>\n<p style=\"text-align: center;\">La miel es usada por los grandes aficionados a las hierbas para endulzar sus infusiones. Se usa en la cocina para platos tradicionales, como el bacalao con miel; para endulzar quesos tiernos, para hacer pasteles o para comer con pan \u00e1vidamente. \u00a1Es miel!<\/p>\n<p>[\/vc_column_text][\/vc_column][vc_column width=\u00bb1\/6&#8243;][\/vc_column][\/vc_row][vc_row css_animation=\u00bb\u00bb row_type=\u00bbrow\u00bb use_row_as_full_screen_section=\u00bbno\u00bb type=\u00bbfull_width\u00bb angled_section=\u00bbno\u00bb text_align=\u00bbleft\u00bb background_image_as_pattern=\u00bbwithout_pattern\u00bb][vc_column][vc_empty_space height=\u00bb110&#8243;][\/vc_column][\/vc_row][vc_row css_animation=\u00bb\u00bb row_type=\u00bbrow\u00bb use_row_as_full_screen_section=\u00bbno\u00bb type=\u00bbgrid\u00bb angled_section=\u00bbno\u00bb text_align=\u00bbcenter\u00bb background_image_as_pattern=\u00bbwithout_pattern\u00bb background_color=\u00bb#000000&#8243; padding_top=\u00bb50&#8243; padding_bottom=\u00bb35&#8243;][vc_column][vc_column_text]<\/p>\n<h2 style=\"text-align: center;\"><span style=\"color: #ffffff;\">Las mieles con sello Girona Excel\u00b7lent 2023 &#8211; 2024<\/span><\/h2>\n<p>[\/vc_column_text][vc_empty_space height=\u00bb35px\u00bb][\/vc_column][\/vc_row][vc_row css_animation=\u00bb\u00bb row_type=\u00bbrow\u00bb use_row_as_full_screen_section=\u00bbno\u00bb type=\u00bbgrid\u00bb angled_section=\u00bbno\u00bb text_align=\u00bbleft\u00bb background_image_as_pattern=\u00bbwithout_pattern\u00bb][vc_column][vc_empty_space height=\u00bb110&#8243;][vc_row_inner row_type=\u00bbrow\u00bb type=\u00bbfull_width\u00bb text_align=\u00bbleft\u00bb css_animation=\u00bb\u00bb][vc_column_inner width=\u00bb1\/2&#8243;][vc_single_image image=\u00bb25517&#8243; img_size=\u00bbmedium\u00bb alignment=\u00bbcenter\u00bb qode_css_animation=\u00bb\u00bb qode_hover_animation=\u00bbzoom_in\u00bb][\/vc_column_inner][vc_column_inner width=\u00bb1\/2&#8243;][vc_empty_space height=\u00bb25px\u00bb][vc_column_text]<\/p>\n<h3>Miel de monta\u00f1a de L\u2019Albera<\/h3>\n<p>[\/vc_column_text][vc_separator type=\u00bbsmall\u00bb position=\u00bbleft\u00bb color=\u00bb#000000&#8243; thickness=\u00bb1&#8243; up=\u00bb10&#8243; down=\u00bb10&#8243;][vc_empty_space height=\u00bb20px\u00bb][vc_column_text]Dol\u00e7a Abella se define como una peque\u00f1a empresa ap\u00edcola familiar que convive con las abejas. Son productores de miel, polen, prop\u00f3leo y cera, y tienen el obrador y la tienda en Crespi\u00e0, a pesar de que se trasladan siguiendo los momentos \u00f3ptimos de floraci\u00f3n de las diferentes especies de inter\u00e9s mel\u00edfero. Brescada en verano en los abejares del Paraje Natural de L\u2019Albera, esta es una miel multifloral de monta\u00f1a de los Pirineos, con una presencia preponderante de casta\u00f1o. Es muy equilibrada, con matices amargos y dulces que recuerdan al sotobosque.[\/vc_column_text][vc_empty_space height=\u00bb20px\u00bb][vc_column_text]Sociedad: Dol\u00e7a Abella, SC<\/p>\n<p><strong><a href=\"https:\/\/www.dolcaabella.com\">www.dolcaabella.com<\/a><\/strong>[\/vc_column_text][vc_empty_space height=\u00bb25px\u00bb][\/vc_column_inner][\/vc_row_inner][vc_empty_space height=\u00bb100&#8243;][vc_row_inner row_type=\u00bbrow\u00bb type=\u00bbfull_width\u00bb text_align=\u00bbleft\u00bb css_animation=\u00bb\u00bb][vc_column_inner width=\u00bb1\/2&#8243;][vc_single_image image=\u00bb25521&#8243; img_size=\u00bbmedium\u00bb alignment=\u00bbcenter\u00bb qode_css_animation=\u00bb\u00bb qode_hover_animation=\u00bbzoom_in\u00bb][\/vc_column_inner][vc_column_inner width=\u00bb1\/2&#8243;][vc_empty_space height=\u00bb25px\u00bb][vc_column_text]<\/p>\n<h3>Miel de mil flores<\/h3>\n<p>[\/vc_column_text][vc_separator type=\u00bbsmall\u00bb position=\u00bbleft\u00bb color=\u00bb#000000&#8243; thickness=\u00bb1&#8243; up=\u00bb10&#8243; down=\u00bb10&#8243;][vc_empty_space height=\u00bb20px\u00bb][vc_column_text]Abellaires Empordanesos es una empresa de Garriguella, en L\u2019Alt Empord\u00e0, creada en 1983 y dedicada a la producci\u00f3n, el envasado y la comercializaci\u00f3n de miel y polen, tanto de cosecha propia como adquirida a otros apicultores. Definida como miel de mil flores de primavera, rica en brasic\u00e1ceas y leguminosas, tiene un sabor intenso y es dulce y persistente en boca. Esta miel ha sido recolectada manualmente en diferentes asentamientos de abejares de L\u2019Alt Empord\u00e0.[\/vc_column_text][vc_empty_space height=\u00bb20px\u00bb][vc_column_text]Sociedad: SAT Abellaires Empordanesos 12 CAT<\/p>\n<p><strong><a href=\"https:\/\/www.abellaires.com\/\">www.abellaires.com<\/a><\/strong>[\/vc_column_text][vc_empty_space height=\u00bb25px\u00bb][\/vc_column_inner][\/vc_row_inner][vc_empty_space height=\u00bb100&#8243;][vc_row_inner row_type=\u00bbrow\u00bb type=\u00bbfull_width\u00bb text_align=\u00bbleft\u00bb css_animation=\u00bb\u00bb][vc_column_inner width=\u00bb1\/2&#8243;][vc_single_image image=\u00bb25525&#8243; img_size=\u00bbmedium\u00bb alignment=\u00bbcenter\u00bb qode_css_animation=\u00bb\u00bb qode_hover_animation=\u00bbzoom_in\u00bb][\/vc_column_inner][vc_column_inner width=\u00bb1\/2&#8243;][vc_empty_space height=\u00bb25px\u00bb][vc_column_text]<\/p>\n<h3>Miel de brezo<\/h3>\n<p>[\/vc_column_text][vc_separator type=\u00bbsmall\u00bb position=\u00bbleft\u00bb color=\u00bb#000000&#8243; thickness=\u00bb1&#8243; up=\u00bb10&#8243; down=\u00bb10&#8243;][vc_empty_space height=\u00bb20px\u00bb][vc_column_text]La miel de brezo es una de las m\u00e1s buscadas y valoradas por el equilibrio que ofrece entre la dulzura y los tonos amargos. Es de color \u00e1mbar, cremosa, extraordinariamente arom\u00e1tica y floral, y en boca recuerda al caramelo. Los Abellaires Empordanesos la extraen manualmente de la colmena y la filtran para extraerle peque\u00f1as impurezas, sin ning\u00fan otro proceso de manipulaci\u00f3n.[\/vc_column_text][vc_empty_space height=\u00bb20px\u00bb][vc_column_text]Sociedad: SAT Abellaires Empordanesos 12 CAT<\/p>\n<p><strong><a href=\"https:\/\/www.abellaires.com\/\">www.abellaires.com<\/a><\/strong>[\/vc_column_text][vc_empty_space height=\u00bb25px\u00bb][\/vc_column_inner][\/vc_row_inner][vc_empty_space height=\u00bb100&#8243;][vc_row_inner row_type=\u00bbrow\u00bb type=\u00bbfull_width\u00bb text_align=\u00bbleft\u00bb css_animation=\u00bb\u00bb][vc_column_inner width=\u00bb1\/2&#8243;][vc_single_image image=\u00bb25529&#8243; img_size=\u00bbmedium\u00bb alignment=\u00bbcenter\u00bb qode_css_animation=\u00bb\u00bb qode_hover_animation=\u00bbzoom_in\u00bb][\/vc_column_inner][vc_column_inner width=\u00bb1\/2&#8243;][vc_empty_space height=\u00bb25px\u00bb][vc_column_text]<\/p>\n<h3>Miel ecol\u00f3gica del Parque Natural del Cap de Creus<\/h3>\n<p>[\/vc_column_text][vc_separator type=\u00bbsmall\u00bb position=\u00bbleft\u00bb color=\u00bb#000000&#8243; thickness=\u00bb1&#8243; up=\u00bb10&#8243; down=\u00bb10&#8243;][vc_empty_space height=\u00bb20px\u00bb][vc_column_text]Desde hace unos a\u00f1os, Abellaires Empordanesos tambi\u00e9n son productores de miel con certificado ecol\u00f3gico procedente de parques y parajes naturales del territorio. Precisamente, esta miel ha sido obtenida de sus colmenas de apicultura ecol\u00f3gica, situadas en el Parque Natural del Cap de Creus. En este lugar, ocupado por maquia mediterr\u00e1nea, con pocas precipitaciones, castigado por temporales marinos y por la tramontana, hay una flora especial en la que predominan el cantueso, el romero, el brezo o las estepas.[\/vc_column_text][vc_empty_space height=\u00bb20px\u00bb][vc_column_text]Sociedad: SAT Abellaires Empordanesos 12 CAT<\/p>\n<p><strong><a href=\"https:\/\/www.abellaires.com\/\">www.abellaires.com<\/a><\/strong>[\/vc_column_text][vc_empty_space height=\u00bb25px\u00bb][\/vc_column_inner][\/vc_row_inner][vc_empty_space height=\u00bb100&#8243;][vc_row_inner row_type=\u00bbrow\u00bb type=\u00bbfull_width\u00bb text_align=\u00bbleft\u00bb css_animation=\u00bb\u00bb][vc_column_inner width=\u00bb1\/2&#8243;][vc_single_image image=\u00bb25533&#8243; img_size=\u00bbmedium\u00bb alignment=\u00bbcenter\u00bb qode_css_animation=\u00bb\u00bb qode_hover_animation=\u00bbzoom_in\u00bb][\/vc_column_inner][vc_column_inner width=\u00bb1\/2&#8243;][vc_empty_space height=\u00bb25px\u00bb][vc_column_text]<\/p>\n<h3>Bresca de miel de cantueso<\/h3>\n<p>[\/vc_column_text][vc_separator type=\u00bbsmall\u00bb position=\u00bbleft\u00bb color=\u00bb#000000&#8243; thickness=\u00bb1&#8243; up=\u00bb10&#8243; down=\u00bb10&#8243;][vc_empty_space height=\u00bb20px\u00bb][vc_column_text]La bresca con miel es atractiva y fascinante. Esta bresca proviene de las abejas que Dol\u00e7a Abella tiene en el cabo de Creus, que se recolecta cuando la miel logra su punto \u00f3ptimo, de forma que conserva todos los aromas y las propiedades nutritivas, medicinales y gustativas. Es una miel de primavera monofloral, de cantueso (<em>Lavandula stoechas<\/em>), de aroma floral suave, de dulzura elevada persistente y un poco \u00e1cida. El cantueso o tomillo borriquero es una de las especies caracter\u00edsticas de la flora del cabo de Creus, que llega a su m\u00e1ximo esplendor a principios de primavera, cuando su floraci\u00f3n llena el parque de manchas de color p\u00farpura.[\/vc_column_text][vc_empty_space height=\u00bb20px\u00bb][vc_column_text]<\/p>\n<p class=\"CapaleraipeuA\"><span lang=\"ES-TRAD\" style=\"font-family: 'Arial',sans-serif;\">Sociedad: Dol\u00e7a Abella, SC<\/span><\/p>\n<p class=\"CapaleraipeuA\"><strong><span lang=\"ES-TRAD\"><a href=\"https:\/\/www.dolcaabella.com\"><span class=\"Hyperlink0\"><span style=\"font-family: 'Arial',sans-serif;\">www.dolcaabella.com<\/span><\/span><\/a><\/span><\/strong><\/p>\n<p>[\/vc_column_text][vc_empty_space height=\u00bb25px\u00bb][\/vc_column_inner][\/vc_row_inner][\/vc_column][\/vc_row][vc_row css_animation=\u00bb\u00bb row_type=\u00bbrow\u00bb use_row_as_full_screen_section=\u00bbno\u00bb type=\u00bbfull_width\u00bb angled_section=\u00bbno\u00bb text_align=\u00bbleft\u00bb background_image_as_pattern=\u00bbwithout_pattern\u00bb][vc_column][vc_empty_space height=\u00bb110&#8243;][\/vc_column][\/vc_row]<\/p>\n<\/div>","protected":false},"excerpt":{"rendered":"<p>[vc_row css_animation=\u00bb\u00bb row_type=\u00bbrow\u00bb use_row_as_full_screen_section=\u00bbno\u00bb type=\u00bbfull_width\u00bb angled_section=\u00bbno\u00bb text_align=\u00bbleft\u00bb background_image_as_pattern=\u00bbwithout_pattern\u00bb][vc_column][vc_empty_space height=\u00bb110&#8243;][\/vc_column][\/vc_row][vc_row css_animation=\u00bb\u00bb row_type=\u00bbrow\u00bb use_row_as_full_screen_section=\u00bbno\u00bb type=\u00bbgrid\u00bb angled_section=\u00bbno\u00bb text_align=\u00bbleft\u00bb background_image_as_pattern=\u00bbwithout_pattern\u00bb][vc_column width=\u00bb1\/4&#8243;][\/vc_column][vc_column width=\u00bb1\/2&#8243;][vc_column_text] Las mieles [\/vc_column_text][vc_empty_space height=\u00bb60&#8243;][\/vc_column][vc_column width=\u00bb1\/4&#8243;][\/vc_column][\/vc_row][vc_row css_animation=\u00bb\u00bb row_type=\u00bbrow\u00bb use_row_as_full_screen_section=\u00bbno\u00bb type=\u00bbgrid\u00bb angled_section=\u00bbno\u00bb text_align=\u00bbleft\u00bb background_image_as_pattern=\u00bbwithout_pattern\u00bb][vc_column width=\u00bb1\/6&#8243;][\/vc_column][vc_column width=\u00bb4\/6&#8243;][vc_column_text] La miel es una poderosa expresi\u00f3n del paisaje. Los aficionados a la bot\u00e1nica,&#8230;<\/p>\n","protected":false},"author":1,"featured_media":24097,"menu_order":0,"comment_status":"closed","ping_status":"closed","template":"","portfolio_category":[408],"portfolio_tag":[],"class_list":["post-25512","portfolio_page","type-portfolio_page","status-publish","has-post-thumbnail","hentry","portfolio_category-sector2324-es"],"_links":{"self":[{"href":"https:\/\/www.gironaexcellent.cat\/es\/wp-json\/wp\/v2\/portfolio_page\/25512","targetHints":{"allow":["GET"]}}],"collection":[{"href":"https:\/\/www.gironaexcellent.cat\/es\/wp-json\/wp\/v2\/portfolio_page"}],"about":[{"href":"https:\/\/www.gironaexcellent.cat\/es\/wp-json\/wp\/v2\/types\/portfolio_page"}],"author":[{"embeddable":true,"href":"https:\/\/www.gironaexcellent.cat\/es\/wp-json\/wp\/v2\/users\/1"}],"replies":[{"embeddable":true,"href":"https:\/\/www.gironaexcellent.cat\/es\/wp-json\/wp\/v2\/comments?post=25512"}],"wp:featuredmedia":[{"embeddable":true,"href":"https:\/\/www.gironaexcellent.cat\/es\/wp-json\/wp\/v2\/media\/24097"}],"wp:attachment":[{"href":"https:\/\/www.gironaexcellent.cat\/es\/wp-json\/wp\/v2\/media?parent=25512"}],"wp:term":[{"taxonomy":"portfolio_category","embeddable":true,"href":"https:\/\/www.gironaexcellent.cat\/es\/wp-json\/wp\/v2\/portfolio_category?post=25512"},{"taxonomy":"portfolio_tag","embeddable":true,"href":"https:\/\/www.gironaexcellent.cat\/es\/wp-json\/wp\/v2\/portfolio_tag?post=25512"}],"curies":[{"name":"wp","href":"https:\/\/api.w.org\/{rel}","templated":true}]}}