{"id":26814,"date":"2026-03-11T08:09:58","date_gmt":"2026-03-11T08:09:58","guid":{"rendered":"https:\/\/www.gironaexcellent.cat\/?post_type=portfolio_page&#038;p=26814"},"modified":"2026-03-11T10:31:39","modified_gmt":"2026-03-11T10:31:39","slug":"oli-2526","status":"publish","type":"portfolio_page","link":"https:\/\/www.gironaexcellent.cat\/es\/item\/oli-2526\/","title":{"rendered":"Los aceites de Girona"},"content":{"rendered":"<div class=\"wpb-content-wrapper\"><p>[vc_row css_animation=\u00bb\u00bb row_type=\u00bbrow\u00bb use_row_as_full_screen_section=\u00bbno\u00bb type=\u00bbfull_width\u00bb angled_section=\u00bbno\u00bb text_align=\u00bbleft\u00bb background_image_as_pattern=\u00bbwithout_pattern\u00bb][vc_column][vc_empty_space height=\u00bb110&#8243;][\/vc_column][\/vc_row][vc_row css_animation=\u00bb\u00bb row_type=\u00bbrow\u00bb use_row_as_full_screen_section=\u00bbno\u00bb type=\u00bbgrid\u00bb angled_section=\u00bbno\u00bb text_align=\u00bbleft\u00bb background_image_as_pattern=\u00bbwithout_pattern\u00bb][vc_column width=\u00bb1\/4&#8243;][\/vc_column][vc_column width=\u00bb1\/2&#8243;][vc_column_text css=\u00bb\u00bb]<\/p>\n<h2 style=\"text-align: center;\">Los aceites de Girona<\/h2>\n<p>[\/vc_column_text][vc_empty_space height=\u00bb60&#8243;][\/vc_column][vc_column width=\u00bb1\/4&#8243;][\/vc_column][\/vc_row][vc_row css_animation=\u00bb\u00bb row_type=\u00bbrow\u00bb use_row_as_full_screen_section=\u00bbno\u00bb type=\u00bbgrid\u00bb angled_section=\u00bbno\u00bb text_align=\u00bbleft\u00bb background_image_as_pattern=\u00bbwithout_pattern\u00bb][vc_column width=\u00bb1\/6&#8243;][\/vc_column][vc_column width=\u00bb4\/6&#8243;][vc_column_text css=\u00bb\u00bb]<\/p>\n<h6 style=\"text-align: center;\">Tres variedades del olivo aut\u00f3ctono: <em>argudell<\/em>, <em>corivell<\/em> y <em>verdal<\/em> \u2014o <em>llei de Cadaqu\u00e9s<\/em>\u2014, definen la DOP Aceite del Empord\u00e0. El cultivo del olivo tiene m\u00e1s de dos mil a\u00f1os de historia. As\u00ed lo demuestran algunos restos que se remontan a la Edad del Bronce, si bien hasta el siglo vi antes de Cristo, desde la colonizaci\u00f3n griega, no se estableci\u00f3 el paisaje actual de olivares en el Alt Empord\u00e0, como un espejo de las extensiones de olivos de debajo del monte Parnaso.<\/h6>\n<p>[\/vc_column_text][\/vc_column][vc_column width=\u00bb1\/6&#8243;][\/vc_column][\/vc_row][vc_row css_animation=\u00bb\u00bb row_type=\u00bbrow\u00bb use_row_as_full_screen_section=\u00bbno\u00bb type=\u00bbfull_width\u00bb angled_section=\u00bbno\u00bb text_align=\u00bbleft\u00bb background_image_as_pattern=\u00bbwithout_pattern\u00bb][vc_column][vc_empty_space height=\u00bb40&#8243;][\/vc_column][\/vc_row][vc_row css_animation=\u00bb\u00bb row_type=\u00bbrow\u00bb use_row_as_full_screen_section=\u00bbno\u00bb type=\u00bbgrid\u00bb angled_section=\u00bbno\u00bb text_align=\u00bbleft\u00bb background_image_as_pattern=\u00bbwithout_pattern\u00bb padding_top=\u00bb0&#8243; padding_bottom=\u00bb15&#8243; css=\u00bb.vc_custom_1501311203972{padding-top: 15px !important;padding-right: 15px !important;padding-bottom: 15px !important;padding-left: 15px !important;}\u00bb][vc_column width=\u00bb1\/6&#8243;][\/vc_column][vc_column width=\u00bb2\/3&#8243;][vc_column_text css=\u00bb\u00bb el_class=\u00bbtext_segell\u00bb]<\/p>\n<p style=\"text-align: center;\">Aunque no se conoce ning\u00fan olivo con mucho m\u00e1s de mil a\u00f1os de antig\u00fcedad, esta tierra s\u00ed que puede presumir de olivos milenarios y centenarios. El aceite procedente de olivos milenarios no es mejor ni peor que otros, pero s\u00ed contiene el peso de la historia como un extra a\u00f1adido: olivos que han sido testigos de grandes haza\u00f1as, batallas tr\u00e1gicas e invasiones p\u00e9rfidas.<\/p>\n<p>&nbsp;<\/p>\n<p style=\"text-align: center;\">A pesar de que la DOP Aceite del Empord\u00e0, nacida en 2008, enmarca un territorio muy reputado, en el Alt y el Baix Empord\u00e0, tres municipios de El Pla de l\u2019Estany y cinco de El Giron\u00e8s, en comarcas como La Selva o La Garrotxa, todav\u00eda se conservan un gran n\u00famero olivos, algunos de los cuales se han rescatado y se ha recuperado su producci\u00f3n.<\/p>\n<p>&nbsp;<\/p>\n<p style=\"text-align: center;\">M\u00e1s all\u00e1 del \u00e1mbito de la DOP, se ha experimentado con variedades de moda y nuevos territorios. El consejo regulador tambi\u00e9n permite etiquetar como DOP Aceite del Empord\u00e0 los aceites que no tengan m\u00e1s del cincuenta por ciento de la variedad arbequina, que tambi\u00e9n se ha adaptado extraordinariamente bien al territorio. Hoy en d\u00eda, los olivares se consideran cultivos de gran valor ambiental. Entre sus beneficios destaca su funci\u00f3n como cortafuegos natural, especialmente relevante en momentos como el actual, marcados por un elevado riesgo de incendios debido al cambio clim\u00e1tico.<\/p>\n<p>[\/vc_column_text][\/vc_column][vc_column width=\u00bb1\/6&#8243;][\/vc_column][\/vc_row][vc_row css_animation=\u00bb\u00bb row_type=\u00bbrow\u00bb use_row_as_full_screen_section=\u00bbno\u00bb type=\u00bbfull_width\u00bb angled_section=\u00bbno\u00bb text_align=\u00bbleft\u00bb background_image_as_pattern=\u00bbwithout_pattern\u00bb][vc_column][vc_empty_space height=\u00bb110&#8243;][\/vc_column][\/vc_row][vc_row css_animation=\u00bb\u00bb row_type=\u00bbrow\u00bb use_row_as_full_screen_section=\u00bbno\u00bb type=\u00bbgrid\u00bb angled_section=\u00bbno\u00bb text_align=\u00bbcenter\u00bb background_image_as_pattern=\u00bbwithout_pattern\u00bb background_color=\u00bb#000000&#8243; padding_top=\u00bb50&#8243; padding_bottom=\u00bb35&#8243;][vc_column][vc_column_text css=\u00bb\u00bb]<\/p>\n<h2 style=\"text-align: center;\"><span style=\"color: #ffffff;\">Los aceites con sello Girona Excel\u00b7lent 2025 &#8211; 2026<\/span><\/h2>\n<p>[\/vc_column_text][vc_empty_space height=\u00bb35px\u00bb][\/vc_column][\/vc_row][vc_row css_animation=\u00bb\u00bb row_type=\u00bbrow\u00bb use_row_as_full_screen_section=\u00bbno\u00bb type=\u00bbgrid\u00bb angled_section=\u00bbno\u00bb text_align=\u00bbleft\u00bb background_image_as_pattern=\u00bbwithout_pattern\u00bb][vc_column][vc_empty_space height=\u00bb110&#8243;][vc_row_inner row_type=\u00bbrow\u00bb type=\u00bbfull_width\u00bb text_align=\u00bbleft\u00bb css_animation=\u00bb\u00bb][vc_column_inner width=\u00bb1\/2&#8243;][vc_single_image image=\u00bb26819&#8243; img_size=\u00bbmedium\u00bb alignment=\u00bbcenter\u00bb css=\u00bb\u00bb qode_css_animation=\u00bb\u00bb qode_hover_animation=\u00bbzoom_in\u00bb][\/vc_column_inner][vc_column_inner width=\u00bb1\/2&#8243;][vc_empty_space height=\u00bb25px\u00bb][vc_column_text css=\u00bb\u00bb]<\/p>\n<h3>Oli Fontclara &#8211; Arbequina ecol\u00f3gico<\/h3>\n<p>[\/vc_column_text][vc_separator type=\u00bbsmall\u00bb position=\u00bbleft\u00bb color=\u00bb#000000&#8243; thickness=\u00bb1&#8243; up=\u00bb10&#8243; down=\u00bb10&#8243;][vc_empty_space height=\u00bb20px\u00bb][vc_column_text css=\u00bb\u00bb]Oli Fontclara es una empresa de El Baix Empord\u00e0 que tiene como se\u00f1as de identidad la sostenibilidad y la innovaci\u00f3n. Actualmente, cultiva sesenta hect\u00e1reas de olivares, con unos 8.000 \u00e1rboles. Este aceite de oliva virgen extra arbequina ecol\u00f3gico es fresco, herb\u00e1ceo y arom\u00e1tico, y dulce en boca, con un picor moderado y un amargor sutil. Se perciben la manzana verde y la almendra, as\u00ed como el intenso verdor de un campo del Mediterr\u00e1neo.[\/vc_column_text][vc_empty_space height=\u00bb20px\u00bb][vc_column_text css=\u00bb\u00bb]Sociedad: Oli Fontclara<\/p>\n<p><strong><a href=\"https:\/\/www.fontclara.es\/ca\/\">www.fontclara.es<\/a><\/strong>[\/vc_column_text][vc_empty_space height=\u00bb25px\u00bb][\/vc_column_inner][\/vc_row_inner][vc_empty_space height=\u00bb100&#8243;][vc_row_inner row_type=\u00bbrow\u00bb type=\u00bbfull_width\u00bb text_align=\u00bbleft\u00bb css_animation=\u00bb\u00bb][vc_column_inner width=\u00bb1\/2&#8243;][vc_single_image image=\u00bb26823&#8243; img_size=\u00bbmedium\u00bb alignment=\u00bbcenter\u00bb css=\u00bb\u00bb qode_css_animation=\u00bb\u00bb qode_hover_animation=\u00bbzoom_in\u00bb][\/vc_column_inner][vc_column_inner width=\u00bb1\/2&#8243;][vc_empty_space height=\u00bb25px\u00bb][vc_column_text css=\u00bb\u00bb]<\/p>\n<h3>L\u2019Olivina<\/h3>\n<p>[\/vc_column_text][vc_separator type=\u00bbsmall\u00bb position=\u00bbleft\u00bb color=\u00bb#000000&#8243; thickness=\u00bb1&#8243; up=\u00bb10&#8243; down=\u00bb10&#8243;][vc_empty_space height=\u00bb20px\u00bb][vc_column_text css=\u00bb\u00bb]Mas l\u2019Arbreda es una finca agropecuaria del valle de Ll\u00e9mena, en la zona volc\u00e1nica de El Giron\u00e8s, con una plantaci\u00f3n de diferentes variedades de olivos. El aceite de oliva virgen extra L\u2019Olivina es un coupage de las diferentes variedades plantadas en la mas\u00eda, en el que predominan la corbella y la frantoio, con algo de picual y arbequina. Todas las variedades presentes aportan sus atributos: manzana verde o almendra verde, amargo, picante, hierba fresca reci\u00e9n cortada u hortalizas.[\/vc_column_text][vc_empty_space height=\u00bb20px\u00bb][vc_column_text css=\u00bb\u00bb]Sociedad: Mas l\u2019Arbreda<\/p>\n<p><strong><a href=\"https:\/\/lamant.cat\/\">lamant.cat<\/a><\/strong>[\/vc_column_text][vc_empty_space height=\u00bb25px\u00bb][\/vc_column_inner][\/vc_row_inner][vc_empty_space height=\u00bb100&#8243;][vc_row_inner row_type=\u00bbrow\u00bb type=\u00bbfull_width\u00bb text_align=\u00bbleft\u00bb css_animation=\u00bb\u00bb][vc_column_inner width=\u00bb1\/2&#8243;][vc_single_image image=\u00bb26827&#8243; img_size=\u00bbmedium\u00bb alignment=\u00bbcenter\u00bb css=\u00bb\u00bb qode_css_animation=\u00bb\u00bb qode_hover_animation=\u00bbzoom_in\u00bb][\/vc_column_inner][vc_column_inner width=\u00bb1\/2&#8243;][vc_empty_space height=\u00bb25px\u00bb][vc_column_text css=\u00bb\u00bb]<\/p>\n<h3>Mas Aur\u00f3 Argudell ECO<\/h3>\n<p>[\/vc_column_text][vc_separator type=\u00bbsmall\u00bb position=\u00bbleft\u00bb color=\u00bb#000000&#8243; thickness=\u00bb1&#8243; up=\u00bb10&#8243; down=\u00bb10&#8243;][vc_empty_space height=\u00bb20px\u00bb][vc_column_text css=\u00bb\u00bb]Este aceite de oliva virgen extra cien por cien monovarietal de argudell de cosecha temprana es verde, afrutado e intensamente sabroso, con notas verdes muy marcadas en nariz y un contenido notable de polifenoles. Es el fruto de los olivos de la variedad aut\u00f3ctona argudell, cultivados siguiendo los criterios m\u00e1s estrictos de la producci\u00f3n ecol\u00f3gica, en las colinas de Espolla y Sant Climent de Sescebes, en L\u2019Alt Empord\u00e0, y en campos de Esponell\u00e0, en El Pla de l\u2019Estany. En boca, da una amargura media-alta y un picante notable, con un frescor c\u00edtrico. En nariz da los aromas caracter\u00edsticos de fruta verde, alcachofa, tomate verde, nuez verde y hierbas medicinales como el romero y el tomillo.[\/vc_column_text][vc_empty_space height=\u00bb20px\u00bb][vc_column_text css=\u00bb\u00bb]Sociedad: Mas Aur\u00f3<\/p>\n<p><strong><a href=\"https:\/\/www.masauro.cat\">www.masauro.cat<\/a><\/strong>[\/vc_column_text][vc_empty_space height=\u00bb25px\u00bb][\/vc_column_inner][\/vc_row_inner][vc_empty_space height=\u00bb100&#8243;][vc_row_inner row_type=\u00bbrow\u00bb type=\u00bbfull_width\u00bb text_align=\u00bbleft\u00bb css_animation=\u00bb\u00bb][vc_column_inner width=\u00bb1\/2&#8243;][vc_single_image image=\u00bb26831&#8243; img_size=\u00bbmedium\u00bb alignment=\u00bbcenter\u00bb css=\u00bb\u00bb qode_css_animation=\u00bb\u00bb qode_hover_animation=\u00bbzoom_in\u00bb][\/vc_column_inner][vc_column_inner width=\u00bb1\/2&#8243;][vc_empty_space height=\u00bb25px\u00bb][vc_column_text css=\u00bb\u00bb]<\/p>\n<h3>Mas Aur\u00f3 Supremo ECO<\/h3>\n<p>[\/vc_column_text][vc_separator type=\u00bbsmall\u00bb position=\u00bbleft\u00bb color=\u00bb#000000&#8243; thickness=\u00bb1&#8243; up=\u00bb10&#8243; down=\u00bb10&#8243;][vc_empty_space height=\u00bb20px\u00bb][vc_column_text css=\u00bb\u00bb]Mas Aur\u00f3 es una empresa familiar dedicada exclusivamente al olivo y a la elaboraci\u00f3n de aceite de oliva virgen, con almazara en Esponell\u00e0, en El Pla de l\u2019Estany. Su aceite Supremo ECO es un <em>coupage<\/em> de aceites extraordinarios de cosecha temprana de las variedades ampurdanesas argudell y corivell, con una peque\u00f1a cantidad de la griega koroneiki. Este aceite tiene un perfil complejo, verde e intenso, con claros amargos y picantes, con aromas de alcachofa, almendro, tomatera, pimiento verde, hoja de olivo y hierba fresca reci\u00e9n cortada.[\/vc_column_text][vc_empty_space height=\u00bb20px\u00bb][vc_column_text css=\u00bb\u00bb]Sociedad: Mas Aur\u00f3<\/p>\n<p><strong><a href=\"https:\/\/www.masauro.cat\">www.masauro.cat<\/a><\/strong>[\/vc_column_text][vc_empty_space height=\u00bb25px\u00bb][\/vc_column_inner][\/vc_row_inner][\/vc_column][\/vc_row][vc_row css_animation=\u00bb\u00bb row_type=\u00bbrow\u00bb use_row_as_full_screen_section=\u00bbno\u00bb type=\u00bbfull_width\u00bb angled_section=\u00bbno\u00bb text_align=\u00bbleft\u00bb background_image_as_pattern=\u00bbwithout_pattern\u00bb][vc_column][vc_empty_space height=\u00bb110&#8243;][\/vc_column][\/vc_row][vc_row css_animation=\u00bb\u00bb row_type=\u00bbrow\u00bb use_row_as_full_screen_section=\u00bbno\u00bb type=\u00bbgrid\u00bb angled_section=\u00bbno\u00bb text_align=\u00bbleft\u00bb background_image_as_pattern=\u00bbwithout_pattern\u00bb][vc_column][vc_separator type=\u00bbnormal\u00bb color=\u00bb#000000&#8243; thickness=\u00bb1&#8243;][vc_empty_space height=\u00bb75&#8243;][\/vc_column][\/vc_row][vc_row css_animation=\u00bb\u00bb row_type=\u00bbrow\u00bb use_row_as_full_screen_section=\u00bbno\u00bb type=\u00bbgrid\u00bb angled_section=\u00bbno\u00bb text_align=\u00bbleft\u00bb background_image_as_pattern=\u00bbwithout_pattern\u00bb][vc_column width=\u00bb1\/6&#8243;][vc_column_text]<\/p>\n<h4><strong>Receptes <\/strong>relacionades.<\/h4>\n<p>[\/vc_column_text][vc_separator type=\u00bbsmall\u00bb position=\u00bbleft\u00bb color=\u00bb#000000&#8243; thickness=\u00bb2&#8243; up=\u00bb10&#8243; down=\u00bb30&#8243;][vc_empty_space height=\u00bb50px\u00bb][\/vc_column][vc_column width=\u00bb5\/6&#8243;]<div class='projects_holder_outer v5 portfolio_with_space portfolio_standard'>\n        <div class='projects_holder portfolio_main_holder clearfix v5 standard portfolio_full_image '>\n        \n        <article class='mix portfolio_category_275 portfolio_category_279 portfolio_category_301 portfolio_category_280 default' style=''>\n    \n    \n    \n    \n            <div class=\"item_holder thin_plus_only\">\n\n                    <div class=\"text_holder\">\n        <div class=\"text_holder_outer\">\n            <div class=\"text_holder_inner\">\n                            <span class=\"thin_plus_only_icon\">+<\/span>\n                        <\/div>\n        <\/div>\n    <\/div>\n\n                                    <a itemprop=\"url\" class=\"portfolio_link_class\" title=\"Espatlles de conill confitades amb oli d&#8217;oliva verge extra i canyella\" href=\"https:\/\/www.gironaexcellent.cat\/es\/item\/espatlles-de-conill-confitades-amb-oli-doliva-verge-extra-i-canyella\/\"><\/a>\n                \n                <div style=\"\" class=\"portfolio_shader\"><\/div>\n                <div class=\"image_holder\">\n                    \n<span class='image'><img loading=\"lazy\" decoding=\"async\" width=\"500\" height=\"500\" src=\"https:\/\/www.gironaexcellent.cat\/wp-content\/uploads\/2018\/12\/espatlles-conill-oli-canyella.jpg\" class=\"attachment-full size-full wp-post-image\" alt=\"\" srcset=\"https:\/\/www.gironaexcellent.cat\/wp-content\/uploads\/2018\/12\/espatlles-conill-oli-canyella.jpg 500w, https:\/\/www.gironaexcellent.cat\/wp-content\/uploads\/2018\/12\/espatlles-conill-oli-canyella-150x150.jpg 150w, https:\/\/www.gironaexcellent.cat\/wp-content\/uploads\/2018\/12\/espatlles-conill-oli-canyella-300x300.jpg 300w\" sizes=\"auto, (max-width: 500px) 100vw, 500px\" \/><\/span>                <\/div>\n            <\/div>\n\n                <div class='portfolio_description text_align_left' >\n\n        \n    <h6 itemprop=\"name\" class=\"portfolio_title entry_title\"><a itemprop=\"url\" href=\"https:\/\/www.gironaexcellent.cat\/es\/item\/espatlles-de-conill-confitades-amb-oli-doliva-verge-extra-i-canyella\/\"  target=\"_self\"> Espatlles de conill confitades amb oli d&#8217;oliva verge extra i canyella<\/a><\/h6>\n\n\n        \n        \n    <\/div>\n\n        \n<\/article>\n<article class='mix portfolio_category_274 portfolio_category_275 portfolio_category_278 portfolio_category_279 portfolio_category_304 portfolio_category_310 portfolio_category_280 default' style=''>\n    \n    \n    \n    \n            <div class=\"item_holder thin_plus_only\">\n\n                    <div class=\"text_holder\">\n        <div class=\"text_holder_outer\">\n            <div class=\"text_holder_inner\">\n                            <span class=\"thin_plus_only_icon\">+<\/span>\n                        <\/div>\n        <\/div>\n    <\/div>\n\n                                    <a itemprop=\"url\" class=\"portfolio_link_class\" title=\"Foie-gras amb poma, pera i garnatxa\" href=\"https:\/\/www.gironaexcellent.cat\/es\/item\/foie-gras-amb-poma-pera-i-garnatxa\/\"><\/a>\n                \n                <div style=\"\" class=\"portfolio_shader\"><\/div>\n                <div class=\"image_holder\">\n                    \n<span class='image'><img loading=\"lazy\" decoding=\"async\" width=\"500\" height=\"500\" src=\"https:\/\/www.gironaexcellent.cat\/wp-content\/uploads\/2018\/11\/foiegras-poma-pera-garnatxa.jpg\" class=\"attachment-full size-full wp-post-image\" alt=\"\" srcset=\"https:\/\/www.gironaexcellent.cat\/wp-content\/uploads\/2018\/11\/foiegras-poma-pera-garnatxa.jpg 500w, https:\/\/www.gironaexcellent.cat\/wp-content\/uploads\/2018\/11\/foiegras-poma-pera-garnatxa-150x150.jpg 150w, https:\/\/www.gironaexcellent.cat\/wp-content\/uploads\/2018\/11\/foiegras-poma-pera-garnatxa-300x300.jpg 300w\" sizes=\"auto, (max-width: 500px) 100vw, 500px\" \/><\/span>                <\/div>\n            <\/div>\n\n                <div class='portfolio_description text_align_left' >\n\n        \n    <h6 itemprop=\"name\" class=\"portfolio_title entry_title\"><a itemprop=\"url\" href=\"https:\/\/www.gironaexcellent.cat\/es\/item\/foie-gras-amb-poma-pera-i-garnatxa\/\"  target=\"_self\"> Foie-gras amb poma, pera i garnatxa<\/a><\/h6>\n\n\n        \n        \n    <\/div>\n\n        \n<\/article>\n<article class='mix portfolio_category_275 portfolio_category_294 portfolio_category_279 portfolio_category_276 portfolio_category_280 default' style=''>\n    \n    \n    \n    \n            <div class=\"item_holder thin_plus_only\">\n\n                    <div class=\"text_holder\">\n        <div class=\"text_holder_outer\">\n            <div class=\"text_holder_inner\">\n                            <span class=\"thin_plus_only_icon\">+<\/span>\n                        <\/div>\n        <\/div>\n    <\/div>\n\n                                    <a itemprop=\"url\" class=\"portfolio_link_class\" title=\"Formatge fermi\u00f3 amb anxoves de l&#8217;Escala, t\u00f2fona i oli d&#8217;oliva\" href=\"https:\/\/www.gironaexcellent.cat\/es\/item\/formatge-fermio-anxoves-tofona-oli-oliva\/\"><\/a>\n                \n                <div style=\"\" class=\"portfolio_shader\"><\/div>\n                <div class=\"image_holder\">\n                    \n<span class='image'><img loading=\"lazy\" decoding=\"async\" width=\"500\" height=\"500\" src=\"https:\/\/www.gironaexcellent.cat\/wp-content\/uploads\/2018\/11\/formatge-fermio-anxoves-tofona-oli.jpg\" class=\"attachment-full size-full wp-post-image\" alt=\"\" srcset=\"https:\/\/www.gironaexcellent.cat\/wp-content\/uploads\/2018\/11\/formatge-fermio-anxoves-tofona-oli.jpg 500w, https:\/\/www.gironaexcellent.cat\/wp-content\/uploads\/2018\/11\/formatge-fermio-anxoves-tofona-oli-150x150.jpg 150w, https:\/\/www.gironaexcellent.cat\/wp-content\/uploads\/2018\/11\/formatge-fermio-anxoves-tofona-oli-300x300.jpg 300w\" sizes=\"auto, (max-width: 500px) 100vw, 500px\" \/><\/span>                <\/div>\n            <\/div>\n\n                <div class='portfolio_description text_align_left' >\n\n        \n    <h6 itemprop=\"name\" class=\"portfolio_title entry_title\"><a itemprop=\"url\" href=\"https:\/\/www.gironaexcellent.cat\/es\/item\/formatge-fermio-anxoves-tofona-oli-oliva\/\"  target=\"_self\"> Formatge fermi\u00f3 amb anxoves de l&#8217;Escala, t\u00f2fona i oli d&#8217;oliva<\/a><\/h6>\n\n\n        \n        \n    <\/div>\n\n        \n<\/article>\n<article class='mix portfolio_category_274 portfolio_category_275 portfolio_category_277 portfolio_category_278 portfolio_category_279 portfolio_category_276 portfolio_category_280 default' style=''>\n    \n    \n    \n    \n            <div class=\"item_holder thin_plus_only\">\n\n                    <div class=\"text_holder\">\n        <div class=\"text_holder_outer\">\n            <div class=\"text_holder_inner\">\n                            <span class=\"thin_plus_only_icon\">+<\/span>\n                        <\/div>\n        <\/div>\n    <\/div>\n\n                                    <a itemprop=\"url\" class=\"portfolio_link_class\" title=\"Coca de figues amb foie-gras amb pl\u00e0ncton mar\u00ed i anxoves\" href=\"https:\/\/www.gironaexcellent.cat\/es\/item\/coca-de-figues-amb-foie-gras-amb-plancton-mari-i-anxoves\/\"><\/a>\n                \n                <div style=\"\" class=\"portfolio_shader\"><\/div>\n                <div class=\"image_holder\">\n                    \n<span class='image'><img loading=\"lazy\" decoding=\"async\" width=\"500\" height=\"500\" src=\"https:\/\/www.gironaexcellent.cat\/wp-content\/uploads\/2017\/10\/foie_web.jpg\" class=\"attachment-full size-full wp-post-image\" alt=\"\" srcset=\"https:\/\/www.gironaexcellent.cat\/wp-content\/uploads\/2017\/10\/foie_web.jpg 500w, https:\/\/www.gironaexcellent.cat\/wp-content\/uploads\/2017\/10\/foie_web-150x150.jpg 150w, https:\/\/www.gironaexcellent.cat\/wp-content\/uploads\/2017\/10\/foie_web-300x300.jpg 300w\" sizes=\"auto, (max-width: 500px) 100vw, 500px\" \/><\/span>                <\/div>\n            <\/div>\n\n                <div class='portfolio_description text_align_left' >\n\n        \n    <h6 itemprop=\"name\" class=\"portfolio_title entry_title\"><a itemprop=\"url\" href=\"https:\/\/www.gironaexcellent.cat\/es\/item\/coca-de-figues-amb-foie-gras-amb-plancton-mari-i-anxoves\/\"  target=\"_self\"> Coca de figues amb foie-gras amb pl\u00e0ncton mar\u00ed i anxoves<\/a><\/h6>\n\n\n        \n        \n    <\/div>\n\n        \n<\/article>\n<article class='mix portfolio_category_339 portfolio_category_274 portfolio_category_275 portfolio_category_279 portfolio_category_276 portfolio_category_280 default' style=''>\n    \n    \n    \n    \n            <div class=\"item_holder thin_plus_only\">\n\n                    <div class=\"text_holder\">\n        <div class=\"text_holder_outer\">\n            <div class=\"text_holder_inner\">\n                            <span class=\"thin_plus_only_icon\">+<\/span>\n                        <\/div>\n        <\/div>\n    <\/div>\n\n                                    <a itemprop=\"url\" class=\"portfolio_link_class\" title=\"Salmorejo de tomata de la pera amb garum d&#8217;anxoves i caviar d&#8217;oli\" href=\"https:\/\/www.gironaexcellent.cat\/es\/item\/salmorejo-de-tomata-de-la-pera-amb-garum-danxoves-i-caviar-doli\/\"><\/a>\n                \n                <div style=\"\" class=\"portfolio_shader\"><\/div>\n                <div class=\"image_holder\">\n                    \n<span class='image'><img loading=\"lazy\" decoding=\"async\" width=\"500\" height=\"500\" src=\"https:\/\/www.gironaexcellent.cat\/wp-content\/uploads\/2017\/10\/SALMOREJO-DE-TOMATA_web.jpg\" class=\"attachment-full size-full wp-post-image\" alt=\"\" srcset=\"https:\/\/www.gironaexcellent.cat\/wp-content\/uploads\/2017\/10\/SALMOREJO-DE-TOMATA_web.jpg 500w, https:\/\/www.gironaexcellent.cat\/wp-content\/uploads\/2017\/10\/SALMOREJO-DE-TOMATA_web-150x150.jpg 150w, https:\/\/www.gironaexcellent.cat\/wp-content\/uploads\/2017\/10\/SALMOREJO-DE-TOMATA_web-300x300.jpg 300w\" sizes=\"auto, (max-width: 500px) 100vw, 500px\" \/><\/span>                <\/div>\n            <\/div>\n\n                <div class='portfolio_description text_align_left' >\n\n        \n    <h6 itemprop=\"name\" class=\"portfolio_title entry_title\"><a itemprop=\"url\" href=\"https:\/\/www.gironaexcellent.cat\/es\/item\/salmorejo-de-tomata-de-la-pera-amb-garum-danxoves-i-caviar-doli\/\"  target=\"_self\"> Salmorejo de tomata de la pera amb garum d&#8217;anxoves i caviar d&#8217;oli<\/a><\/h6>\n\n\n        \n        \n    <\/div>\n\n        \n<\/article>\n        <div class='filler'><\/div>\n            <div class='filler'><\/div>\n            <div class='filler'><\/div>\n            <div class='filler'><\/div>\n            <div class='filler'><\/div>\n        <\/div>\n\n    \n    <\/div>[\/vc_column][\/vc_row][vc_row css_animation=\u00bb\u00bb row_type=\u00bbrow\u00bb use_row_as_full_screen_section=\u00bbno\u00bb type=\u00bbfull_width\u00bb angled_section=\u00bbno\u00bb text_align=\u00bbleft\u00bb background_image_as_pattern=\u00bbwithout_pattern\u00bb][vc_column][vc_empty_space height=\u00bb55&#8243;][\/vc_column][\/vc_row]<\/p>\n<\/div>","protected":false},"excerpt":{"rendered":"<p>[vc_row css_animation=\u00bb\u00bb row_type=\u00bbrow\u00bb use_row_as_full_screen_section=\u00bbno\u00bb type=\u00bbfull_width\u00bb angled_section=\u00bbno\u00bb text_align=\u00bbleft\u00bb background_image_as_pattern=\u00bbwithout_pattern\u00bb][vc_column][vc_empty_space height=\u00bb110&#8243;][\/vc_column][\/vc_row][vc_row css_animation=\u00bb\u00bb row_type=\u00bbrow\u00bb use_row_as_full_screen_section=\u00bbno\u00bb type=\u00bbgrid\u00bb angled_section=\u00bbno\u00bb text_align=\u00bbleft\u00bb background_image_as_pattern=\u00bbwithout_pattern\u00bb][vc_column width=\u00bb1\/4&#8243;][\/vc_column][vc_column width=\u00bb1\/2&#8243;][vc_column_text css=\u00bb\u00bb] Los aceites de Girona [\/vc_column_text][vc_empty_space height=\u00bb60&#8243;][\/vc_column][vc_column width=\u00bb1\/4&#8243;][\/vc_column][\/vc_row][vc_row css_animation=\u00bb\u00bb row_type=\u00bbrow\u00bb use_row_as_full_screen_section=\u00bbno\u00bb type=\u00bbgrid\u00bb angled_section=\u00bbno\u00bb text_align=\u00bbleft\u00bb background_image_as_pattern=\u00bbwithout_pattern\u00bb][vc_column width=\u00bb1\/6&#8243;][\/vc_column][vc_column width=\u00bb4\/6&#8243;][vc_column_text css=\u00bb\u00bb] Tres variedades del olivo aut\u00f3ctono: argudell, corivell y verdal&#8230;<\/p>\n","protected":false},"author":1,"featured_media":17915,"menu_order":0,"comment_status":"closed","ping_status":"closed","template":"","portfolio_category":[412],"portfolio_tag":[],"class_list":["post-26814","portfolio_page","type-portfolio_page","status-publish","has-post-thumbnail","hentry","portfolio_category-sector2526"],"_links":{"self":[{"href":"https:\/\/www.gironaexcellent.cat\/es\/wp-json\/wp\/v2\/portfolio_page\/26814","targetHints":{"allow":["GET"]}}],"collection":[{"href":"https:\/\/www.gironaexcellent.cat\/es\/wp-json\/wp\/v2\/portfolio_page"}],"about":[{"href":"https:\/\/www.gironaexcellent.cat\/es\/wp-json\/wp\/v2\/types\/portfolio_page"}],"author":[{"embeddable":true,"href":"https:\/\/www.gironaexcellent.cat\/es\/wp-json\/wp\/v2\/users\/1"}],"replies":[{"embeddable":true,"href":"https:\/\/www.gironaexcellent.cat\/es\/wp-json\/wp\/v2\/comments?post=26814"}],"wp:featuredmedia":[{"embeddable":true,"href":"https:\/\/www.gironaexcellent.cat\/es\/wp-json\/wp\/v2\/media\/17915"}],"wp:attachment":[{"href":"https:\/\/www.gironaexcellent.cat\/es\/wp-json\/wp\/v2\/media?parent=26814"}],"wp:term":[{"taxonomy":"portfolio_category","embeddable":true,"href":"https:\/\/www.gironaexcellent.cat\/es\/wp-json\/wp\/v2\/portfolio_category?post=26814"},{"taxonomy":"portfolio_tag","embeddable":true,"href":"https:\/\/www.gironaexcellent.cat\/es\/wp-json\/wp\/v2\/portfolio_tag?post=26814"}],"curies":[{"name":"wp","href":"https:\/\/api.w.org\/{rel}","templated":true}]}}