{"id":26835,"date":"2026-03-11T08:14:20","date_gmt":"2026-03-11T08:14:20","guid":{"rendered":"https:\/\/www.gironaexcellent.cat\/?post_type=portfolio_page&#038;p=26835"},"modified":"2026-03-11T10:31:58","modified_gmt":"2026-03-11T10:31:58","slug":"mel-2526","status":"publish","type":"portfolio_page","link":"https:\/\/www.gironaexcellent.cat\/es\/item\/mel-2526\/","title":{"rendered":"Las mieles"},"content":{"rendered":"<div class=\"wpb-content-wrapper\"><p>[vc_row css_animation=\u00bb\u00bb row_type=\u00bbrow\u00bb use_row_as_full_screen_section=\u00bbno\u00bb type=\u00bbfull_width\u00bb angled_section=\u00bbno\u00bb text_align=\u00bbleft\u00bb background_image_as_pattern=\u00bbwithout_pattern\u00bb][vc_column][vc_empty_space height=\u00bb110&#8243;][\/vc_column][\/vc_row][vc_row css_animation=\u00bb\u00bb row_type=\u00bbrow\u00bb use_row_as_full_screen_section=\u00bbno\u00bb type=\u00bbgrid\u00bb angled_section=\u00bbno\u00bb text_align=\u00bbleft\u00bb background_image_as_pattern=\u00bbwithout_pattern\u00bb][vc_column width=\u00bb1\/4&#8243;][\/vc_column][vc_column width=\u00bb1\/2&#8243;][vc_column_text css=\u00bb\u00bb]<\/p>\n<h2 style=\"text-align: center;\">Las mieles<\/h2>\n<p>[\/vc_column_text][vc_empty_space height=\u00bb60&#8243;][\/vc_column][vc_column width=\u00bb1\/4&#8243;][\/vc_column][\/vc_row][vc_row css_animation=\u00bb\u00bb row_type=\u00bbrow\u00bb use_row_as_full_screen_section=\u00bbno\u00bb type=\u00bbgrid\u00bb angled_section=\u00bbno\u00bb text_align=\u00bbleft\u00bb background_image_as_pattern=\u00bbwithout_pattern\u00bb][vc_column width=\u00bb1\/6&#8243;][\/vc_column][vc_column width=\u00bb4\/6&#8243;][vc_column_text css=\u00bb\u00bb]<\/p>\n<h6 style=\"text-align: center;\">La miel es una poderosa expresi\u00f3n del paisaje. Los aficionados a la bot\u00e1nica, excepto los veganos, suelen ser aficionados a esta sustancia pegajosa, muy dulce y arom\u00e1tica que elaboran las abejas (<em>Apis mellifica<\/em>) a partir del n\u00e9ctar de las flores y que depositan en el panal (pan de cera) para que sirva de alimento a las cr\u00edas.<\/h6>\n<p>[\/vc_column_text][\/vc_column][vc_column width=\u00bb1\/6&#8243;][\/vc_column][\/vc_row][vc_row css_animation=\u00bb\u00bb row_type=\u00bbrow\u00bb use_row_as_full_screen_section=\u00bbno\u00bb type=\u00bbfull_width\u00bb angled_section=\u00bbno\u00bb text_align=\u00bbleft\u00bb background_image_as_pattern=\u00bbwithout_pattern\u00bb][vc_column][vc_empty_space height=\u00bb40&#8243;][\/vc_column][\/vc_row][vc_row css_animation=\u00bb\u00bb row_type=\u00bbrow\u00bb use_row_as_full_screen_section=\u00bbno\u00bb type=\u00bbgrid\u00bb angled_section=\u00bbno\u00bb text_align=\u00bbleft\u00bb background_image_as_pattern=\u00bbwithout_pattern\u00bb padding_top=\u00bb0&#8243; padding_bottom=\u00bb15&#8243; css=\u00bb.vc_custom_1501311203972{padding-top: 15px !important;padding-right: 15px !important;padding-bottom: 15px !important;padding-left: 15px !important;}\u00bb][vc_column width=\u00bb1\/6&#8243;][\/vc_column][vc_column width=\u00bb2\/3&#8243;][vc_column_text css=\u00bb\u00bb el_class=\u00bbtext_segell\u00bb]<\/p>\n<p style=\"text-align: center;\">Las comarcas de Girona son un territorio melero, con varios apicultores que viajan arriba y abajo con sus colmenas, para aprovechar todos los florecimientos, desde la orilla del mar hasta la alta monta\u00f1a. Hay mieles claras, oscuras, amarillas, marrones y grises. Mieles de brezo, madro\u00f1o, casta\u00f1o, encina, romero o alfalfa. Las mieles de mil flores var\u00edan de un lugar a otro y tienen colores, sabores y aromas diferentes, seg\u00fan cada territorio y cada apicultor, que trasladar\u00e1 las cajas en el momento adecuado, seg\u00fan su criterio, consciente de que las abejas chupan todo el n\u00e9ctar que pueden, sin discriminaci\u00f3n alguna. Por eso, podemos encontrar mieles de monta\u00f1a y mieles de tierras bajas. Mieles de lugares secos y mieles de zonas con una pluviometr\u00eda generosa. Mieles de jard\u00edn bot\u00e1nico, mieles urbanas o mieles de una plantaci\u00f3n.<\/p>\n<p>&nbsp;<\/p>\n<p style=\"text-align: center;\">La miel es usada por los grandes aficionados a las hierbas para endulzar sus infusiones. Se usa para cocinar platos tradicionales, como el bacalao con miel, o para endulzar quesos tiernos, hacer pasteles o comerla con pan cuando tenemos prisa. \u00a1Dulce como la miel!<\/p>\n<p>[\/vc_column_text][\/vc_column][vc_column width=\u00bb1\/6&#8243;][\/vc_column][\/vc_row][vc_row css_animation=\u00bb\u00bb row_type=\u00bbrow\u00bb use_row_as_full_screen_section=\u00bbno\u00bb type=\u00bbfull_width\u00bb angled_section=\u00bbno\u00bb text_align=\u00bbleft\u00bb background_image_as_pattern=\u00bbwithout_pattern\u00bb][vc_column][vc_empty_space height=\u00bb110&#8243;][\/vc_column][\/vc_row][vc_row css_animation=\u00bb\u00bb row_type=\u00bbrow\u00bb use_row_as_full_screen_section=\u00bbno\u00bb type=\u00bbgrid\u00bb angled_section=\u00bbno\u00bb text_align=\u00bbcenter\u00bb background_image_as_pattern=\u00bbwithout_pattern\u00bb background_color=\u00bb#000000&#8243; padding_top=\u00bb50&#8243; padding_bottom=\u00bb35&#8243;][vc_column][vc_column_text css=\u00bb\u00bb]<\/p>\n<h2 style=\"text-align: center;\"><span style=\"color: #ffffff;\">Las mieles con sello Girona Excel\u00b7lent 2025 &#8211; 2026<\/span><\/h2>\n<p>[\/vc_column_text][vc_empty_space height=\u00bb35px\u00bb][\/vc_column][\/vc_row][vc_row css_animation=\u00bb\u00bb row_type=\u00bbrow\u00bb use_row_as_full_screen_section=\u00bbno\u00bb type=\u00bbgrid\u00bb angled_section=\u00bbno\u00bb text_align=\u00bbleft\u00bb background_image_as_pattern=\u00bbwithout_pattern\u00bb][vc_column][vc_empty_space height=\u00bb110&#8243;][vc_row_inner row_type=\u00bbrow\u00bb type=\u00bbfull_width\u00bb text_align=\u00bbleft\u00bb css_animation=\u00bb\u00bb][vc_column_inner width=\u00bb1\/2&#8243;][vc_single_image image=\u00bb26840&#8243; img_size=\u00bbmedium\u00bb alignment=\u00bbcenter\u00bb css=\u00bb\u00bb qode_css_animation=\u00bb\u00bb qode_hover_animation=\u00bbzoom_in\u00bb][\/vc_column_inner][vc_column_inner width=\u00bb1\/2&#8243;][vc_empty_space height=\u00bb25px\u00bb][vc_column_text css=\u00bb\u00bb]<\/p>\n<h3>Miel de tilo de monta\u00f1a del Pirineo<\/h3>\n<p>[\/vc_column_text][vc_separator type=\u00bbsmall\u00bb position=\u00bbleft\u00bb color=\u00bb#000000&#8243; thickness=\u00bb1&#8243; up=\u00bb10&#8243; down=\u00bb10&#8243;][vc_empty_space height=\u00bb20px\u00bb][vc_column_text css=\u00bb\u00bb]Dol\u00e7a Abella se define como una peque\u00f1a empresa ap\u00edcola familiar que convive con las abejas. Son productores de miel, polen, prop\u00f3leos y cera, y tienen el obrador y la tienda en Crespi\u00e0, aunque se trasladan siguiendo los momentos \u00f3ptimos de floraci\u00f3n de las diferentes especies de inter\u00e9s mel\u00edfero, en zonas protegidas y en diferentes parajes y parques naturales de las comarcas gerundenses, desde la costa hasta los Pirineos. La miel de monta\u00f1a del Pirineo de tilo se ha recolectado en Llanars, en El Ripoll\u00e8s, destacando las caracter\u00edsticas de las mieles de flor de tilo puras o con una elevada presencia de n\u00e9ctar de esta especie. Son apreciables las notas afrutadas con un componente bals\u00e1mico, que recuerda al mentol, con un final amargo y una sensaci\u00f3n expectorante.[\/vc_column_text][vc_empty_space height=\u00bb20px\u00bb][vc_column_text css=\u00bb\u00bb]Sociedad: Dol\u00e7a Abella<\/p>\n<p><strong><a href=\"https:\/\/www.dolcaabella.com\">www.dolcaabella.com<\/a><\/strong>[\/vc_column_text][vc_empty_space height=\u00bb25px\u00bb][\/vc_column_inner][\/vc_row_inner][vc_empty_space height=\u00bb100&#8243;][vc_row_inner row_type=\u00bbrow\u00bb type=\u00bbfull_width\u00bb text_align=\u00bbleft\u00bb css_animation=\u00bb\u00bb][vc_column_inner width=\u00bb1\/2&#8243;][vc_single_image image=\u00bb26844&#8243; img_size=\u00bbmedium\u00bb alignment=\u00bbcenter\u00bb css=\u00bb\u00bb qode_css_animation=\u00bb\u00bb qode_hover_animation=\u00bbzoom_in\u00bb][\/vc_column_inner][vc_column_inner width=\u00bb1\/2&#8243;][vc_empty_space height=\u00bb25px\u00bb][vc_column_text css=\u00bb\u00bb]<\/p>\n<h3>Miel de mil flores<\/h3>\n<p>[\/vc_column_text][vc_separator type=\u00bbsmall\u00bb position=\u00bbleft\u00bb color=\u00bb#000000&#8243; thickness=\u00bb1&#8243; up=\u00bb10&#8243; down=\u00bb10&#8243;][vc_empty_space height=\u00bb20px\u00bb][vc_column_text css=\u00bb\u00bb]Las abejas de Mas Fuertes producen una miel de gran complejidad arom\u00e1tica y una identidad \u00fanica, voleando por una finca donde la biodiversidad es el centro del sistema productivo. Las colmenas est\u00e1n rodeadas de naturaleza silvestre y de campos de vi\u00f1a, olivos y campos de lavanda cultivados en producci\u00f3n ecol\u00f3gica certificada y siguiendo los principios de la agricultura regenerativa. Este entorno rico y equilibrado proporciona a las abejas una variedad de n\u00e9ctares que se traduce en una miel de dulzura equilibrada y fresca, con matices herb\u00e1ceos, con una fragancia floral intensa, con notas de lavanda e hinojo y un fondo ligeramente afrutado.[\/vc_column_text][vc_empty_space height=\u00bb20px\u00bb][vc_column_text css=\u00bb\u00bb]Sociedad: Mas Fuertes<\/p>\n<p><strong><a href=\"https:\/\/masfuertes.com\/\">masfuertes.com<\/a><\/strong>[\/vc_column_text][vc_empty_space height=\u00bb25px\u00bb][\/vc_column_inner][\/vc_row_inner][vc_empty_space height=\u00bb100&#8243;][vc_row_inner row_type=\u00bbrow\u00bb type=\u00bbfull_width\u00bb text_align=\u00bbleft\u00bb css_animation=\u00bb\u00bb][vc_column_inner width=\u00bb1\/2&#8243;][vc_single_image image=\u00bb26848&#8243; img_size=\u00bbmedium\u00bb alignment=\u00bbcenter\u00bb css=\u00bb\u00bb qode_css_animation=\u00bb\u00bb qode_hover_animation=\u00bbzoom_in\u00bb][\/vc_column_inner][vc_column_inner width=\u00bb1\/2&#8243;][vc_empty_space height=\u00bb25px\u00bb][vc_column_text css=\u00bb\u00bb]<\/p>\n<h3>Miel de tomillo<\/h3>\n<p>[\/vc_column_text][vc_separator type=\u00bbsmall\u00bb position=\u00bbleft\u00bb color=\u00bb#000000&#8243; thickness=\u00bb1&#8243; up=\u00bb10&#8243; down=\u00bb10&#8243;][vc_empty_space height=\u00bb20px\u00bb][vc_column_text css=\u00bb\u00bb]Abellaires Empordanesos es una empresa nacida en 1983 en Garriguella, en L\u2019Alt Empord\u00e0. La miel de tomillo se produce especialmente en primavera, cuando florece esta mata le\u00f1osa de las labiadas. La maquia mediterr\u00e1nea, con pocas precipitaciones, castigada por temporales marinos y por los vientos, propicia una flora especial y en primavera florecen matas resistentes y arom\u00e1ticas de tomillo. De color \u00e1mbar, esta miel de tomillo es dulce pero con un toque \u00e1cido: es floral e intensa.[\/vc_column_text][vc_empty_space height=\u00bb20px\u00bb][vc_column_text css=\u00bb\u00bb]Sociedad: Abellaires Empordanesos<\/p>\n<p><strong><a href=\"https:\/\/www.abellaires.com\/\">www.abellaires.com<\/a><\/strong>[\/vc_column_text][vc_empty_space height=\u00bb25px\u00bb][\/vc_column_inner][\/vc_row_inner][vc_empty_space height=\u00bb100&#8243;][vc_row_inner row_type=\u00bbrow\u00bb type=\u00bbfull_width\u00bb text_align=\u00bbleft\u00bb css_animation=\u00bb\u00bb][vc_column_inner width=\u00bb1\/2&#8243;][vc_single_image image=\u00bb26852&#8243; img_size=\u00bbmedium\u00bb alignment=\u00bbcenter\u00bb css=\u00bb\u00bb qode_css_animation=\u00bb\u00bb qode_hover_animation=\u00bbzoom_in\u00bb][\/vc_column_inner][vc_column_inner width=\u00bb1\/2&#8243;][vc_empty_space height=\u00bb25px\u00bb][vc_column_text css=\u00bb\u00bb]<\/p>\n<h3>Miel cremosa de brezo<\/h3>\n<p>[\/vc_column_text][vc_separator type=\u00bbsmall\u00bb position=\u00bbleft\u00bb color=\u00bb#000000&#8243; thickness=\u00bb1&#8243; up=\u00bb10&#8243; down=\u00bb10&#8243;][vc_empty_space height=\u00bb20px\u00bb][vc_column_text css=\u00bb\u00bb]La miel de brezo es una de las m\u00e1s buscadas y valoradas por los aficionados por la armon\u00eda que ofrece entre la dulzura, los tonos amargos y un delicado punto salado. Es de color \u00e1mbar, cremosa, extraordinariamente arom\u00e1tica y floral, y en boca recuerda al caramelo. Los Abellaires Empordanesos han recolectado esta miel cremosa de brezo en primavera en las maquias del litoral catal\u00e1n, llenas de diferentes especies de brezos lozanos.[\/vc_column_text][vc_empty_space height=\u00bb20px\u00bb][vc_column_text css=\u00bb\u00bb]Sociedad: Abellaires Empordanesos<\/p>\n<p><strong><a href=\"https:\/\/www.abellaires.com\/\">www.abellaires.com<\/a><\/strong>[\/vc_column_text][vc_empty_space height=\u00bb25px\u00bb][\/vc_column_inner][\/vc_row_inner][\/vc_column][\/vc_row][vc_row css_animation=\u00bb\u00bb row_type=\u00bbrow\u00bb use_row_as_full_screen_section=\u00bbno\u00bb type=\u00bbfull_width\u00bb angled_section=\u00bbno\u00bb text_align=\u00bbleft\u00bb background_image_as_pattern=\u00bbwithout_pattern\u00bb][vc_column][vc_empty_space height=\u00bb110&#8243;][\/vc_column][\/vc_row]<\/p>\n<\/div>","protected":false},"excerpt":{"rendered":"<p>[vc_row css_animation=\u00bb\u00bb row_type=\u00bbrow\u00bb use_row_as_full_screen_section=\u00bbno\u00bb type=\u00bbfull_width\u00bb angled_section=\u00bbno\u00bb text_align=\u00bbleft\u00bb background_image_as_pattern=\u00bbwithout_pattern\u00bb][vc_column][vc_empty_space height=\u00bb110&#8243;][\/vc_column][\/vc_row][vc_row css_animation=\u00bb\u00bb row_type=\u00bbrow\u00bb use_row_as_full_screen_section=\u00bbno\u00bb type=\u00bbgrid\u00bb angled_section=\u00bbno\u00bb text_align=\u00bbleft\u00bb background_image_as_pattern=\u00bbwithout_pattern\u00bb][vc_column width=\u00bb1\/4&#8243;][\/vc_column][vc_column width=\u00bb1\/2&#8243;][vc_column_text css=\u00bb\u00bb] Las mieles [\/vc_column_text][vc_empty_space height=\u00bb60&#8243;][\/vc_column][vc_column width=\u00bb1\/4&#8243;][\/vc_column][\/vc_row][vc_row css_animation=\u00bb\u00bb row_type=\u00bbrow\u00bb use_row_as_full_screen_section=\u00bbno\u00bb type=\u00bbgrid\u00bb angled_section=\u00bbno\u00bb text_align=\u00bbleft\u00bb background_image_as_pattern=\u00bbwithout_pattern\u00bb][vc_column width=\u00bb1\/6&#8243;][\/vc_column][vc_column width=\u00bb4\/6&#8243;][vc_column_text css=\u00bb\u00bb] La miel es una poderosa expresi\u00f3n del paisaje. Los aficionados a&#8230;<\/p>\n","protected":false},"author":1,"featured_media":24097,"menu_order":0,"comment_status":"closed","ping_status":"closed","template":"","portfolio_category":[412],"portfolio_tag":[],"class_list":["post-26835","portfolio_page","type-portfolio_page","status-publish","has-post-thumbnail","hentry","portfolio_category-sector2526"],"_links":{"self":[{"href":"https:\/\/www.gironaexcellent.cat\/es\/wp-json\/wp\/v2\/portfolio_page\/26835","targetHints":{"allow":["GET"]}}],"collection":[{"href":"https:\/\/www.gironaexcellent.cat\/es\/wp-json\/wp\/v2\/portfolio_page"}],"about":[{"href":"https:\/\/www.gironaexcellent.cat\/es\/wp-json\/wp\/v2\/types\/portfolio_page"}],"author":[{"embeddable":true,"href":"https:\/\/www.gironaexcellent.cat\/es\/wp-json\/wp\/v2\/users\/1"}],"replies":[{"embeddable":true,"href":"https:\/\/www.gironaexcellent.cat\/es\/wp-json\/wp\/v2\/comments?post=26835"}],"wp:featuredmedia":[{"embeddable":true,"href":"https:\/\/www.gironaexcellent.cat\/es\/wp-json\/wp\/v2\/media\/24097"}],"wp:attachment":[{"href":"https:\/\/www.gironaexcellent.cat\/es\/wp-json\/wp\/v2\/media?parent=26835"}],"wp:term":[{"taxonomy":"portfolio_category","embeddable":true,"href":"https:\/\/www.gironaexcellent.cat\/es\/wp-json\/wp\/v2\/portfolio_category?post=26835"},{"taxonomy":"portfolio_tag","embeddable":true,"href":"https:\/\/www.gironaexcellent.cat\/es\/wp-json\/wp\/v2\/portfolio_tag?post=26835"}],"curies":[{"name":"wp","href":"https:\/\/api.w.org\/{rel}","templated":true}]}}